{"id":18,"date":"2022-10-09T01:42:41","date_gmt":"2022-10-08T23:42:41","guid":{"rendered":"https:\/\/chrysalid2-0.fr\/psycho-energie\/?page_id=18"},"modified":"2025-12-03T05:01:09","modified_gmt":"2025-12-03T04:01:09","slug":"qui-suis-je","status":"publish","type":"page","link":"https:\/\/chrysalid2-0.fr\/psycho-energie\/qui-suis-je\/","title":{"rendered":"Qui suis-je ?"},"content":{"rendered":"\t\t<div data-elementor-type=\"wp-page\" data-elementor-id=\"18\" class=\"elementor elementor-18\">\n\t\t\t\t\t\t<section class=\"elementor-section elementor-top-section elementor-element elementor-element-6d9f8dd elementor-section-full_width elementor-section-content-top elementor-section-items-top elementor-section-height-min-height elementor-section-height-default wpr-particle-no wpr-jarallax-no wpr-parallax-no wpr-sticky-section-no wpr-equal-height-no\" data-id=\"6d9f8dd\" data-element_type=\"section\" data-e-type=\"section\" data-settings=\"{&quot;background_background&quot;:&quot;classic&quot;,&quot;animation_mobile&quot;:&quot;none&quot;}\">\n\t\t\t\t\t\t\t<div class=\"elementor-background-overlay\"><\/div>\n\t\t\t\t\t\t\t<div class=\"elementor-container elementor-column-gap-default\">\n\t\t\t\t\t<div class=\"elementor-column elementor-col-100 elementor-top-column elementor-element elementor-element-ee98066\" data-id=\"ee98066\" data-element_type=\"column\" data-e-type=\"column\">\n\t\t\t<div class=\"elementor-widget-wrap elementor-element-populated\">\n\t\t\t\t\t\t<div class=\"elementor-element elementor-element-37ca5b6 elementor-widget elementor-widget-heading\" data-id=\"37ca5b6\" data-element_type=\"widget\" data-e-type=\"widget\" data-widget_type=\"heading.default\">\n\t\t\t\t<div class=\"elementor-widget-container\">\n\t\t\t\t\t<h1 class=\"elementor-heading-title elementor-size-default\">Qui suis-je ?<\/h1>\t\t\t\t<\/div>\n\t\t\t\t<\/div>\n\t\t\t\t\t<\/div>\n\t\t<\/div>\n\t\t\t\t\t<\/div>\n\t\t<\/section>\n\t\t\t\t<section class=\"elementor-section elementor-top-section elementor-element elementor-element-d843763 elementor-section-boxed elementor-section-height-default elementor-section-height-default wpr-particle-no wpr-jarallax-no wpr-parallax-no wpr-sticky-section-no wpr-equal-height-no\" data-id=\"d843763\" data-element_type=\"section\" data-e-type=\"section\">\n\t\t\t\t\t\t<div class=\"elementor-container elementor-column-gap-default\">\n\t\t\t\t\t<div class=\"elementor-column elementor-col-100 elementor-top-column elementor-element elementor-element-5bec9f5\" data-id=\"5bec9f5\" data-element_type=\"column\" data-e-type=\"column\">\n\t\t\t<div class=\"elementor-widget-wrap elementor-element-populated\">\n\t\t\t\t\t\t<div class=\"elementor-element elementor-element-41f77e6 elementor-widget elementor-widget-image\" data-id=\"41f77e6\" data-element_type=\"widget\" data-e-type=\"widget\" data-widget_type=\"image.default\">\n\t\t\t\t<div class=\"elementor-widget-container\">\n\t\t\t\t\t\t\t\t\t\t\t\t\t\t\t<img decoding=\"async\" src=\"https:\/\/chrysalid2-0.fr\/psycho-energie\/wp-content\/uploads\/sites\/4\/elementor\/thumbs\/Sara2-r7q2o1lqq0oelv2ppnlm1st8emfm9lvp51g3he8gzw.png\" title=\"Sara2\" alt=\"Sara Berbel\" loading=\"lazy\" \/>\t\t\t\t\t\t\t\t\t\t\t\t\t\t\t<\/div>\n\t\t\t\t<\/div>\n\t\t\t\t<div class=\"elementor-element elementor-element-aab9b32 elementor-widget elementor-widget-heading\" data-id=\"aab9b32\" data-element_type=\"widget\" data-e-type=\"widget\" data-widget_type=\"heading.default\">\n\t\t\t\t<div class=\"elementor-widget-container\">\n\t\t\t\t\t<h2 class=\"elementor-heading-title elementor-size-default\">Slashing et multipotentialit\u00e9<\/h2>\t\t\t\t<\/div>\n\t\t\t\t<\/div>\n\t\t\t\t<div class=\"elementor-element elementor-element-765c6ef elementor-widget elementor-widget-text-editor\" data-id=\"765c6ef\" data-element_type=\"widget\" data-e-type=\"widget\" data-widget_type=\"text-editor.default\">\n\t\t\t\t<div class=\"elementor-widget-container\">\n\t\t\t\t\t\t\t\t\t<div data-testid=\"conversation-turn-5\">\n<div data-message-author-role=\"assistant\" data-message-id=\"019b2629-0c64-47e5-a7cf-0ff0f5a7184c\">\n<p>Je suis <b>Sara Berbel,<\/b> une <b>Slasheuse multipotentielle,<\/b> passionn\u00e9e par la richesse des exp\u00e9riences et l\u2019exploration des multiples facettes de l\u2019existence. Mon parcours professionnel est une v\u00e9ritable <b>mosa\u00efque de reconversions<\/b> : h\u00f4tesse, mannequin, gestionnaire back-office, technicienne en support informatique, assistante maternelle, &#8230; Aujourd&rsquo;hui c&rsquo;est la&nbsp;<a href=\"https:\/\/chrysalid2-0.fr\/psycho-energie\/psycho-energie\/\">psycho-\u00e9nergie<\/a>&nbsp;qui m&rsquo;anime et guide mon engagement au service du bien-\u00eatre.<\/p>\n<p>Mon chemin de vie s\u2019est aussi enrichi d\u2019une aventure extraordinaire : <b>\u00e9lever seule trois enfants<\/b>, aujourd\u2019hui \u00e2g\u00e9s de 25, 23 et 8 ans. Une exp\u00e9rience qui m\u2019a forg\u00e9e et inspir\u00e9e, renfor\u00e7ant ma qu\u00eate de sens et d\u2019harmonie.<\/p>\n<p>Depuis plus de dix ans, je me suis plong\u00e9e corps et \u00e2me dans les m\u00e9andres du <b>d\u00e9veloppement personnel<\/b> et des <b>th\u00e9rapies \u00e9nerg\u00e9tiques<\/b> : radiesth\u00e9sie, lithoth\u00e9rapie, feng-shui, num\u00e9rologie, m\u00e9ditation, sono-th\u00e9rapie, art-th\u00e9rapie et <a href=\"https:\/\/chrysalid2-0.fr\/psycho-energie\/design-humain\/decouvrir-le-design-humain\/\" rel=\"noopener\">Design Humain<\/a>. Chaque pratique est une porte vers une meilleure compr\u00e9hension de soi et un mieux-\u00eatre global. Mon approche repose sur une <b>exploration continue<\/b>, nourrie par mes exp\u00e9riences et ma volont\u00e9 d\u2019accompagner chacun sur son propre chemin d\u2019\u00e9panouissement.<\/p>\n<\/div>\n<\/div>\t\t\t\t\t\t\t\t<\/div>\n\t\t\t\t<\/div>\n\t\t\t\t<div class=\"elementor-element elementor-element-7cc6e8c elementor-widget elementor-widget-heading\" data-id=\"7cc6e8c\" data-element_type=\"widget\" data-e-type=\"widget\" data-widget_type=\"heading.default\">\n\t\t\t\t<div class=\"elementor-widget-container\">\n\t\t\t\t\t<h2 class=\"elementor-heading-title elementor-size-default\">Une sensibilit\u00e9 unique pour accompagner les profils atypiques<\/h2>\t\t\t\t<\/div>\n\t\t\t\t<\/div>\n\t\t\t\t<div class=\"elementor-element elementor-element-913d156 elementor-widget elementor-widget-text-editor\" data-id=\"913d156\" data-element_type=\"widget\" data-e-type=\"widget\" data-widget_type=\"text-editor.default\">\n\t\t\t\t<div class=\"elementor-widget-container\">\n\t\t\t\t\t\t\t\t\t<div data-testid=\"conversation-turn-5\"><div data-message-author-role=\"assistant\" data-message-id=\"019b2629-0c64-47e5-a7cf-0ff0f5a7184c\"><p>Mon parcours de vie m&rsquo;a naturellement sensibilis\u00e9e \u00e0 des th\u00e9matiques profondes comme la <b>petite enfance<\/b>, le\u00a0<b>handicap<\/b>, <b>l\u2019autisme<\/b>, les <b>profils neuro-atypiques<\/b> et <b>haut potentiel (HPI-HPE)<\/b>, le <b>TDAH<\/b>, l\u2019<b>hypersensibilit\u00e9<\/b>, ainsi que l\u2019accompagnement des <b>victimes de manipulateurs pervers narcissiques<\/b> et des personnes confront\u00e9es au <b>syndrome du jumeau perdu<\/b>.<\/p><p>C\u2019est aussi \u00e0 travers mon propre cheminement que j\u2019ai d\u00e9couvert, tardivement, mon <b>profil HPI<\/b> \u00e0 33 ans, puis mon profil <b>Asperger<\/b> \u00e0 37 ans. Ces r\u00e9v\u00e9lations ont \u00e9t\u00e9 \u00e0 la fois un <b>soulagement<\/b>, en mettant enfin des mots sur ce sentiment d\u2019\u00eatre \u00ab diff\u00e9rente \u00bb, et <b>une source de motivation<\/b> pour refuser de me laisser enfermer dans des \u00e9tiquettes. Plut\u00f4t que de voir ces particularit\u00e9s comme des limites, je les consid\u00e8re comme des <b>cl\u00e9s de compr\u00e9hension<\/b> pour mieux appr\u00e9hender le monde et accompagner ceux qui, comme moi, se sentent parfois en d\u00e9calage.<\/p><\/div><\/div>\t\t\t\t\t\t\t\t<\/div>\n\t\t\t\t<\/div>\n\t\t\t\t<div class=\"elementor-element elementor-element-1124bf2 elementor-widget elementor-widget-heading\" data-id=\"1124bf2\" data-element_type=\"widget\" data-e-type=\"widget\" data-widget_type=\"heading.default\">\n\t\t\t\t<div class=\"elementor-widget-container\">\n\t\t\t\t\t<h2 class=\"elementor-heading-title elementor-size-default\">Parcours intime et compr\u00e9hension<\/h2>\t\t\t\t<\/div>\n\t\t\t\t<\/div>\n\t\t\t\t<div class=\"elementor-element elementor-element-5b692f4 elementor-widget elementor-widget-text-editor\" data-id=\"5b692f4\" data-element_type=\"widget\" data-e-type=\"widget\" data-widget_type=\"text-editor.default\">\n\t\t\t\t<div class=\"elementor-widget-container\">\n\t\t\t\t\t\t\t\t\t<div data-testid=\"conversation-turn-5\">\n<div data-message-author-role=\"assistant\" data-message-id=\"019b2629-0c64-47e5-a7cf-0ff0f5a7184c\">\n<p><span style=\"background-color: var(--ast-global-color-5); color: var( --e-global-color-text ); font-style: inherit; font-weight: inherit; letter-spacing: -0.3px;\">Les filles re\u00e7oivent souvent un <\/span><span style=\"background-color: var(--ast-global-color-5); color: var( --e-global-color-text ); font-style: inherit; letter-spacing: -0.3px;\"><b>diagnostic tardif,<\/b><\/span><span style=\"background-color: var(--ast-global-color-5); color: var( --e-global-color-text ); font-style: inherit; font-weight: inherit; letter-spacing: -0.3px;\"> car leurs <\/span><span style=\"background-color: var(--ast-global-color-5); color: var( --e-global-color-text ); font-style: inherit; letter-spacing: -0.3px;\"><b>centres d&rsquo;int\u00e9r\u00eats sp\u00e9cifiques<\/b><\/span><span style=\"background-color: var(--ast-global-color-5); color: var( --e-global-color-text ); font-style: inherit; font-weight: inherit; letter-spacing: -0.3px;\"> sont g\u00e9n\u00e9ralement per\u00e7us comme moins \u00ab atypiques \u00bb que chez les gar\u00e7ons. J\u2019ai longtemps su <\/span><span style=\"background-color: var(--ast-global-color-5); color: var( --e-global-color-text ); font-style: inherit; letter-spacing: -0.3px;\"><b>m\u2019adapter en jouant les cam\u00e9l\u00e9ons<\/b><\/span><span style=\"background-color: var(--ast-global-color-5); color: var( --e-global-color-text ); font-style: inherit; font-weight: inherit; letter-spacing: -0.3px;\">, \u00e9vitant ainsi d\u2019attirer l\u2019attention sur mes particularit\u00e9s.<\/span><\/p>\n<p><span style=\"background-color: var(--ast-global-color-5); color: var( --e-global-color-text ); font-style: inherit; font-weight: inherit; letter-spacing: -0.3px;\">Grandir aux c\u00f4t\u00e9s d\u2019une maman handicap\u00e9e et d\u00e9pressive a profond\u00e9ment marqu\u00e9 mon parcours. En qu\u00eate d\u2019affection, j\u2019ai instinctivement cherch\u00e9 \u00e0 offrir aux autres enfants ce qui m\u2019avait manqu\u00e9 : d\u2019abord par le baby-sitting, puis en devenant maman tr\u00e8s jeune, \u00e0 19 ans.<\/span><\/p>\n<p>Cette vuln\u00e9rabilit\u00e9 et ce <b>manque d\u2019amour<\/b> m\u2019ont rendue particuli\u00e8rement expos\u00e9e aux <b>manipulateurs pervers narcissiques<\/b>. Heureusement, gr\u00e2ce \u00e0 des <b>th\u00e9rapies<\/b> et des <b>lectures<\/b>, j\u2019ai pu <b>identifier et briser ce sch\u00e9ma toxique<\/b>. J\u2019ai \u00e9galement entrepris un travail en profondeur sur le <b>syndrome du jumeau perdu<\/b>, ce qui m\u2019a permis de m\u2019en lib\u00e9rer et de retrouver un \u00e9quilibre \u00e9motionnel.<\/p>\n<p><span style=\"letter-spacing: -0.3px;\">Par ailleurs, mon <b>troisi\u00e8me enfant<\/b> a tr\u00e8s t\u00f4t pr\u00e9sent\u00e9 des <b>troubles sp\u00e9cifiques li\u00e9s \u00e0 l\u2019autisme<\/b>. Comme de nombreuses familles, j\u2019ai \u00e9t\u00e9 confront\u00e9e \u00e0 un <b>manque cruel d\u2019accompagnement<\/b>, notamment aupr\u00e8s du CMP de secteur. Malgr\u00e9 l\u2019implication de la psychologue scolaire, les <b>bilans \u00e9tal\u00e9s sur plusieurs jours<\/b> ont donn\u00e9 des r\u00e9sultats h\u00e9t\u00e9rog\u00e8nes et donc inexploitables.<\/span><\/p>\n<p><span style=\"letter-spacing: -0.3px;\">C&rsquo;est finalement gr\u00e2ce au <\/span><a href=\"https:\/\/chrysalid2-0.fr\/psycho-energie\/design-humain\/decouvrir-le-design-humain\/\" rel=\"noopener\">Design Humain<\/a><span style=\"letter-spacing: -0.3px;\"> que j&rsquo;ai pu <b>comprendre son fonctionnement<\/b>, probl\u00e9matique par probl\u00e9matique, et identifier ses besoins sp\u00e9cifiques. En adaptant <b>son environnement<\/b> et <b>notre communication<\/b>, notre quotidien est devenu <b>beaucoup plus fluide et apais\u00e9<\/b>. Quatre ans plus tard, je vois mon enfant <b>s\u2019\u00e9panouir chaque jour<\/b>, et c\u2019est une immense victoire.<\/span><\/p>\n<\/div>\n<\/div>\t\t\t\t\t\t\t\t<\/div>\n\t\t\t\t<\/div>\n\t\t\t\t<div class=\"elementor-element elementor-element-00efdbc elementor-widget elementor-widget-heading\" data-id=\"00efdbc\" data-element_type=\"widget\" data-e-type=\"widget\" data-widget_type=\"heading.default\">\n\t\t\t\t<div class=\"elementor-widget-container\">\n\t\t\t\t\t<h2 class=\"elementor-heading-title elementor-size-default\">Chrysalid 2.0 : Catalyseur de changement, couteau suisse du d\u00e9veloppement personnel<\/h2>\t\t\t\t<\/div>\n\t\t\t\t<\/div>\n\t\t\t\t<div class=\"elementor-element elementor-element-c7a3978 elementor-widget elementor-widget-text-editor\" data-id=\"c7a3978\" data-element_type=\"widget\" data-e-type=\"widget\" data-widget_type=\"text-editor.default\">\n\t\t\t\t<div class=\"elementor-widget-container\">\n\t\t\t\t\t\t\t\t\t<div><div><div><div><div data-testid=\"conversation-turn-5\"><div><div><div><div><div><div data-message-author-role=\"assistant\" data-message-id=\"019b2629-0c64-47e5-a7cf-0ff0f5a7184c\"><div><p><span style=\"font-style: inherit; font-weight: inherit; color: var( --e-global-color-text ); letter-spacing: -0.3px; background-color: var(--ast-global-color-5);\">Forte de mon parcours et anim\u00e9e par une profonde <\/span><span style=\"font-style: inherit; color: var( --e-global-color-text ); letter-spacing: -0.3px; background-color: var(--ast-global-color-5);\"><b>volont\u00e9 de transmission<\/b><\/span><span style=\"font-style: inherit; font-weight: inherit; color: var( --e-global-color-text ); letter-spacing: -0.3px; background-color: var(--ast-global-color-5);\">, j\u2019ai fond\u00e9 <\/span><span style=\"font-style: inherit; color: var( --e-global-color-text ); letter-spacing: -0.3px; background-color: var(--ast-global-color-5);\"><b>Chrysalid 2.0<\/b><\/span><span style=\"font-style: inherit; font-weight: inherit; color: var( --e-global-color-text ); letter-spacing: -0.3px; background-color: var(--ast-global-color-5);\"> en janvier 2022. Dans un monde en pleine <\/span><span style=\"font-style: inherit; color: var( --e-global-color-text ); letter-spacing: -0.3px; background-color: var(--ast-global-color-5);\"><b>mutation \u00e9nerg\u00e9tique<\/b><\/span><span style=\"font-style: inherit; font-weight: inherit; color: var( --e-global-color-text ); letter-spacing: -0.3px; background-color: var(--ast-global-color-5);\">, j\u2019ai ressenti l\u2019appel de partager les <\/span><span style=\"font-style: inherit; color: var( --e-global-color-text ); letter-spacing: -0.3px; background-color: var(--ast-global-color-5);\"><b>connaissances et outils<\/b><\/span><span style=\"font-style: inherit; font-weight: inherit; color: var( --e-global-color-text ); letter-spacing: -0.3px; background-color: var(--ast-global-color-5);\"> qui ont transform\u00e9 ma vie et inspir\u00e9 mes proches.<\/span><\/p><p><span style=\"font-style: inherit; font-weight: inherit; color: var( --e-global-color-text ); letter-spacing: -0.3px; background-color: var(--ast-global-color-5);\"> J&rsquo;ai cr\u00e9\u00e9 pour cela le <\/span><span style=\"font-style: inherit; color: var( --e-global-color-text ); letter-spacing: -0.3px; background-color: var(--ast-global-color-5);\"><b>programme<\/b><\/span> <a href=\"https:\/\/chrysalid2-0.fr\/psycho-energie\/accompagnements\/programme-metamorphose\/\" rel=\"noopener\">M\u00e9tamorphose<\/a>,\u00a0<span style=\"font-style: inherit; font-weight: inherit; color: var( --e-global-color-text ); background-color: var(--ast-global-color-5); letter-spacing: -0.3px;\">con\u00e7u pour accompagner <\/span><span style=\"font-style: inherit; color: var( --e-global-color-text ); background-color: var(--ast-global-color-5); letter-spacing: -0.3px;\"><b>toutes celles et ceux qui souhaitent transformer leur vie<\/b><\/span><span style=\"font-style: inherit; font-weight: inherit; color: var( --e-global-color-text ); background-color: var(--ast-global-color-5); letter-spacing: -0.3px;\"> en profondeur et de mani\u00e8re durable. En parall\u00e8le, j\u2019ai d\u00e9velopp\u00e9 des <\/span><span style=\"font-style: inherit; color: var( --e-global-color-text ); background-color: var(--ast-global-color-5); letter-spacing: -0.3px;\"><b>accompagnements sp\u00e9cifiques bas\u00e9s sur le Design Humain<\/b><\/span><span style=\"font-style: inherit; font-weight: inherit; color: var( --e-global-color-text ); background-color: var(--ast-global-color-5); letter-spacing: -0.3px;\">, ax\u00e9s sur :<\/span><\/p><p><b>&#8211;\u00a0 La compr\u00e9hension de soi et de son environnement<\/b><br \/><b>&#8211;\u00a0 L\u2019am\u00e9lioration de la communication et des interactions avec les autres<\/b><\/p><p>Gr\u00e2ce \u00e0 ces outils, mon ambition est d\u2019<b>offrir un nouveau regard<\/b> sur les <b>troubles du neuro-d\u00e9veloppement<\/b> et d\u2019aider les <b>personnes neuro-atypiques<\/b> \u00e0 mieux <b>appr\u00e9hender leur fonctionnement unique<\/b>. Le <b>Design Humain<\/b> est un puissant levier qui leur permet de <b>transformer leurs diff\u00e9rences en v\u00e9ritables forces<\/b>.<\/p><p><img decoding=\"async\" class=\"emoji\" role=\"img\" draggable=\"false\" src=\"https:\/\/s.w.org\/images\/core\/emoji\/14.0.0\/svg\/1f3af.svg\" alt=\"\ud83c\udfaf\" \/> Mon objectif principal ? Leur transmettre des <b>cl\u00e9s concr\u00e8tes d\u2019\u00e9panouissement<\/b>, pour qu\u2019elles puissent, elles aussi, acc\u00e9der \u00e0 un quotidien plus align\u00e9, fluide et heureux.<\/p><\/div><\/div><\/div><\/div><\/div><\/div><\/div><\/div><\/div><\/div><\/div><\/div>\t\t\t\t\t\t\t\t<\/div>\n\t\t\t\t<\/div>\n\t\t\t\t<div class=\"elementor-element elementor-element-f2717bf elementor-widget elementor-widget-heading\" data-id=\"f2717bf\" data-element_type=\"widget\" data-e-type=\"widget\" data-widget_type=\"heading.default\">\n\t\t\t\t<div class=\"elementor-widget-container\">\n\t\t\t\t\t<h2 class=\"elementor-heading-title elementor-size-default\">Entrepreneuriat, communication et cr\u00e9ativit\u00e9<\/h2>\t\t\t\t<\/div>\n\t\t\t\t<\/div>\n\t\t\t\t<div class=\"elementor-element elementor-element-977ed1c elementor-widget elementor-widget-text-editor\" data-id=\"977ed1c\" data-element_type=\"widget\" data-e-type=\"widget\" data-widget_type=\"text-editor.default\">\n\t\t\t\t<div class=\"elementor-widget-container\">\n\t\t\t\t\t\t\t\t\t<div data-testid=\"conversation-turn-5\"><div data-message-author-role=\"assistant\" data-message-id=\"019b2629-0c64-47e5-a7cf-0ff0f5a7184c\"><p>Parall\u00e8lement, mon <b>\u00e2me d\u2019artiste<\/b> me guide dans les domaines de la <b>communication<\/b> et de l\u2019<b>image<\/b>\u00a0:<br \/><b style=\"font-style: inherit; color: var( --e-global-color-text ); background-color: var(--ast-global-color-5); letter-spacing: -0.3px;\"><br \/>&#8211;\u00a0 Infographie, \u00e9criture, po\u00e9sie<br \/><\/b><b style=\"font-style: inherit; color: var( --e-global-color-text ); background-color: var(--ast-global-color-5); letter-spacing: -0.3px;\">&#8211;\u00a0 Informatique, intelligence artificielle<br \/><\/b><b style=\"font-style: inherit; color: var( --e-global-color-text ); background-color: var(--ast-global-color-5); letter-spacing: -0.3px;\">&#8211;\u00a0 Marketing digital et SEO<\/b><\/p><p>Sous ma <b>casquette de consultante<\/b>, j\u2019accompagne <b>auto-entrepreneurs, artisans, artistes et th\u00e9rapeutes<\/b> dans leur <b>communication digitale<\/b>. Mon expertise couvre :<\/p><p><img decoding=\"async\" class=\"emoji\" style=\"font-style: inherit; font-weight: inherit; color: var( --e-global-color-text ); letter-spacing: -0.3px;\" role=\"img\" draggable=\"false\" src=\"https:\/\/s.w.org\/images\/core\/emoji\/14.0.0\/svg\/2714.svg\" alt=\"\u2714\ufe0f\" \/> <span style=\"font-style: inherit; color: var( --e-global-color-text ); background-color: var(--ast-global-color-5); letter-spacing: -0.3px;\"><b>L\u2019optimisation de sites web<\/b><\/span><span style=\"font-style: inherit; font-weight: inherit; color: var( --e-global-color-text ); background-color: var(--ast-global-color-5); letter-spacing: -0.3px;\"> et le <\/span><span style=\"font-style: inherit; color: var( --e-global-color-text ); background-color: var(--ast-global-color-5); letter-spacing: -0.3px;\"><b>r\u00e9f\u00e9rencement naturel (SEO)<\/b><br \/><\/span><img decoding=\"async\" class=\"emoji\" style=\"font-style: inherit; font-weight: inherit; color: var( --e-global-color-text ); letter-spacing: -0.3px;\" role=\"img\" draggable=\"false\" src=\"https:\/\/s.w.org\/images\/core\/emoji\/14.0.0\/svg\/2714.svg\" alt=\"\u2714\ufe0f\" \/> <span style=\"font-style: inherit; color: var( --e-global-color-text ); background-color: var(--ast-global-color-5); letter-spacing: -0.3px;\"><b>L\u2019animation des r\u00e9seaux sociaux<\/b><\/span><span style=\"font-style: inherit; font-weight: inherit; color: var( --e-global-color-text ); background-color: var(--ast-global-color-5); letter-spacing: -0.3px;\"> pour d\u00e9velopper leur visibilit\u00e9<br \/><\/span><img decoding=\"async\" class=\"emoji\" style=\"font-style: inherit; font-weight: inherit; color: var( --e-global-color-text ); letter-spacing: -0.3px;\" role=\"img\" draggable=\"false\" src=\"https:\/\/s.w.org\/images\/core\/emoji\/14.0.0\/svg\/2714.svg\" alt=\"\u2714\ufe0f\" \/> <span style=\"font-style: inherit; color: var( --e-global-color-text ); background-color: var(--ast-global-color-5); letter-spacing: -0.3px;\"><b>La cr\u00e9ation d\u2019\u00e9l\u00e9ments graphiques impactants<\/b><\/span><span style=\"font-style: inherit; font-weight: inherit; color: var( --e-global-color-text ); background-color: var(--ast-global-color-5); letter-spacing: -0.3px;\"> pour une communication align\u00e9e et percutante<\/span><\/p><p>Que ce soit \u00e0 travers <b>Chrysalid 2.0<\/b> ou mon activit\u00e9 de <b>consultante<\/b>, mon v\u0153u est d\u2019aider chacun \u00e0 <b>r\u00e9v\u00e9ler son potentiel<\/b>, \u00e0 b\u00e2tir une <b>pr\u00e9sence digitale authentique<\/b> et \u00e0 transformer ses d\u00e9fis en <b>opportunit\u00e9s d\u2019\u00e9volution<\/b>.<\/p><\/div><\/div>\t\t\t\t\t\t\t\t<\/div>\n\t\t\t\t<\/div>\n\t\t\t\t<div class=\"elementor-element elementor-element-59354bf elementor-widget elementor-widget-heading\" data-id=\"59354bf\" data-element_type=\"widget\" data-e-type=\"widget\" data-widget_type=\"heading.default\">\n\t\t\t\t<div class=\"elementor-widget-container\">\n\t\t\t\t\t<h2 class=\"elementor-heading-title elementor-size-default\">Un nouveau chapitre \u00e0 Bagn\u00e8res-de-Bigorre<\/h2>\t\t\t\t<\/div>\n\t\t\t\t<\/div>\n\t\t\t\t<div class=\"elementor-element elementor-element-7237b8c elementor-widget__width-initial elementor-widget elementor-widget-text-editor\" data-id=\"7237b8c\" data-element_type=\"widget\" data-e-type=\"widget\" data-widget_type=\"text-editor.default\">\n\t\t\t\t<div class=\"elementor-widget-container\">\n\t\t\t\t\t\t\t\t\t<div data-testid=\"conversation-turn-5\">\n<div data-message-author-role=\"assistant\" data-message-id=\"019b2629-0c64-47e5-a7cf-0ff0f5a7184c\">\n<p>Apr\u00e8s avoir quitt\u00e9 <b>Chaintreaux (Seine-et-Marne)<\/b>, j\u2019ai pos\u00e9 mes valises \u00e0 <b>Bagn\u00e8res-de-Bigorre<\/b>, o\u00f9 j\u2019ai trouv\u00e9 un <b>nouvel espace<\/b> pour accueillir celles et ceux en qu\u00eate de transformation et de mieux-\u00eatre. <b>Mon<\/b> <b>cabinet a ouvert ses portes le 3 mars 2025<\/b>, au <b>16 rue Victor Hugo<\/b>.<\/p>\n<p><b>S\u00e9ances sur rendez-vous :<\/b><br>&#8211;&nbsp; En <b>pr\u00e9sentiel<\/b> ou en <b>visio<\/b><br><b>&#8211;&nbsp; Lundi, mardi, jeudi et vendredi de 9h15 \u00e0 13h et 14h \u00e0 16h15<br>&#8211;&nbsp; Le mercredi et le soir sur demande<\/b><\/p>\n<p>Je serais ravie d\u2019\u00e9changer avec vous ! <b>Contactez-moi<\/b> pour toute question ou prise de rendez-vous. C\u2019est avec <b>grand plaisir<\/b> que je vous r\u00e9pondrai.<\/p>\n<p>Retrouvez-moi sur mon <a href=\"https:\/\/chrysalid2-0.fr\/psycho-energie\/blog\/\" rel=\"noopener\">blog<\/a>&nbsp;et mes <b>r\u00e9seaux sociaux<\/b>, o\u00f9 je partage :<br>&#8211;&nbsp;&nbsp;<span style=\"font-style: inherit; color: var( --e-global-color-text ); background-color: var(--ast-global-color-5); letter-spacing: -0.3px;\"><b>Des conseils et contenus inspirants<\/b><br><\/span><span style=\"font-style: inherit; font-weight: inherit; color: var( --e-global-color-text ); background-color: var(--ast-global-color-5); letter-spacing: -0.3px;\">&#8211;&nbsp; <\/span><span style=\"font-style: inherit; color: var( --e-global-color-text ); background-color: var(--ast-global-color-5); letter-spacing: -0.3px;\"><b>Des vid\u00e9os et anecdotes de transformation<\/b><br><\/span><span style=\"font-style: inherit; font-weight: inherit; color: var( --e-global-color-text ); background-color: var(--ast-global-color-5); letter-spacing: -0.3px;\">&#8211; <\/span><span style=\"font-style: inherit; color: var( --e-global-color-text ); background-color: var(--ast-global-color-5); letter-spacing: -0.3px;\"><b>Des interviews exclusives<\/b><\/span><span style=\"font-style: inherit; font-weight: inherit; color: var( --e-global-color-text ); background-color: var(--ast-global-color-5); letter-spacing: -0.3px;\">, notamment avec <\/span><span style=\"font-style: inherit; color: var( --e-global-color-text ); background-color: var(--ast-global-color-5); letter-spacing: -0.3px;\"><b>Muriel Max,<\/b><\/span><span style=\"font-style: inherit; font-weight: inherit; color: var( --e-global-color-text ); background-color: var(--ast-global-color-5); letter-spacing: -0.3px;\"> o\u00f9 je d\u00e9voile les grandes \u00e9tapes de mon parcours et <\/span><span style=\"font-style: inherit; color: var( --e-global-color-text ); background-color: var(--ast-global-color-5); letter-spacing: -0.3px;\"><b>quelques secrets de ma m\u00e9tamorphose<\/b><\/span><span style=\"font-style: inherit; font-weight: inherit; color: var( --e-global-color-text ); background-color: var(--ast-global-color-5); letter-spacing: -0.3px;\">.<\/span><\/p>\n<p><img decoding=\"async\" class=\"emoji\" role=\"img\" draggable=\"false\" src=\"https:\/\/s.w.org\/images\/core\/emoji\/14.0.0\/svg\/1f517.svg\" alt=\"\ud83d\udd17\"> <b>Suivez-moi et plongez dans cet univers d\u2019\u00e9volution et de bien-\u00eatre !<\/b><\/p>\n<p><b>&nbsp;<\/b><\/p>\n<\/div>\n<\/div>\t\t\t\t\t\t\t\t<\/div>\n\t\t\t\t<\/div>\n\t\t\t\t<section class=\"elementor-section elementor-inner-section elementor-element elementor-element-f4ef767 elementor-section-boxed elementor-section-height-default elementor-section-height-default wpr-particle-no wpr-jarallax-no wpr-parallax-no wpr-sticky-section-no wpr-equal-height-no\" data-id=\"f4ef767\" data-element_type=\"section\" data-e-type=\"section\">\n\t\t\t\t\t\t<div class=\"elementor-container elementor-column-gap-default\">\n\t\t\t\t\t<div class=\"elementor-column elementor-col-50 elementor-inner-column elementor-element elementor-element-8e0af6b\" data-id=\"8e0af6b\" data-element_type=\"column\" data-e-type=\"column\">\n\t\t\t<div class=\"elementor-widget-wrap elementor-element-populated\">\n\t\t\t\t\t\t<div class=\"elementor-element elementor-element-02d52be elementor-widget elementor-widget-html\" data-id=\"02d52be\" data-element_type=\"widget\" data-e-type=\"widget\" data-widget_type=\"html.default\">\n\t\t\t\t<div class=\"elementor-widget-container\">\n\t\t\t\t\t<iframe src=\"https:\/\/www.facebook.com\/plugins\/video.php?height=420&href=https%3A%2F%2Fwww.facebook.com%2Fchrysalid2.0%2Fvideos%2F885137516299532%2F&show_text=false&width=560&t=0\" width=\"560\" height=\"420\" style=\"border:none;overflow:hidden\" scrolling=\"no\" frameborder=\"0\" allowfullscreen=\"true\" allow=\"autoplay; clipboard-write; encrypted-media; picture-in-picture; web-share\" allowFullScreen=\"true\"><\/iframe>\t\t\t\t<\/div>\n\t\t\t\t<\/div>\n\t\t\t\t\t<\/div>\n\t\t<\/div>\n\t\t\t\t<div class=\"elementor-column elementor-col-50 elementor-inner-column elementor-element elementor-element-e5e3e77\" data-id=\"e5e3e77\" data-element_type=\"column\" data-e-type=\"column\">\n\t\t\t<div class=\"elementor-widget-wrap elementor-element-populated\">\n\t\t\t\t\t\t<div class=\"elementor-element elementor-element-99f40b7 elementor-widget elementor-widget-html\" data-id=\"99f40b7\" data-element_type=\"widget\" data-e-type=\"widget\" data-widget_type=\"html.default\">\n\t\t\t\t<div class=\"elementor-widget-container\">\n\t\t\t\t\t<iframe src=\"https:\/\/www.facebook.com\/plugins\/video.php?height=420&href=https%3A%2F%2Fwww.facebook.com%2Fchrysalid2.0%2Fvideos%2F1347142099276870%2F&show_text=false&width=560&t=0\" width=\"560\" height=\"420\" style=\"border:none;overflow:hidden\" scrolling=\"no\" frameborder=\"0\" allowfullscreen=\"true\" allow=\"autoplay; clipboard-write; encrypted-media; picture-in-picture; web-share\" allowFullScreen=\"true\"><\/iframe>\t\t\t\t<\/div>\n\t\t\t\t<\/div>\n\t\t\t\t\t<\/div>\n\t\t<\/div>\n\t\t\t\t\t<\/div>\n\t\t<\/section>\n\t\t\t\t<div class=\"elementor-element elementor-element-aa12ce9 elementor-align-center elementor-widget elementor-widget-button\" data-id=\"aa12ce9\" data-element_type=\"widget\" data-e-type=\"widget\" data-widget_type=\"button.default\">\n\t\t\t\t<div class=\"elementor-widget-container\">\n\t\t\t\t\t\t\t\t\t<div class=\"elementor-button-wrapper\">\n\t\t\t\t\t<a class=\"elementor-button elementor-button-link elementor-size-sm\" href=\"https:\/\/chrysalid2-0.fr\/psycho-energie\/contact\">\n\t\t\t\t\t\t<span class=\"elementor-button-content-wrapper\">\n\t\t\t\t\t\t\t\t\t<span class=\"elementor-button-text\">Contact<\/span>\n\t\t\t\t\t<\/span>\n\t\t\t\t\t<\/a>\n\t\t\t\t<\/div>\n\t\t\t\t\t\t\t\t<\/div>\n\t\t\t\t<\/div>\n\t\t\t\t\t<\/div>\n\t\t<\/div>\n\t\t\t\t\t<\/div>\n\t\t<\/section>\n\t\t\t\t<section class=\"elementor-section elementor-top-section elementor-element elementor-element-63a4035 elementor-section-full_width elementor-section-content-top elementor-section-items-top elementor-section-height-min-height elementor-section-height-default wpr-particle-no wpr-jarallax-no wpr-parallax-no wpr-sticky-section-no wpr-equal-height-no\" data-id=\"63a4035\" data-element_type=\"section\" data-e-type=\"section\" data-settings=\"{&quot;background_background&quot;:&quot;classic&quot;,&quot;animation_mobile&quot;:&quot;none&quot;}\">\n\t\t\t\t\t\t\t<div class=\"elementor-background-overlay\"><\/div>\n\t\t\t\t\t\t\t<div class=\"elementor-container elementor-column-gap-default\">\n\t\t\t\t\t<div class=\"elementor-column elementor-col-100 elementor-top-column elementor-element elementor-element-b43f1a9\" data-id=\"b43f1a9\" data-element_type=\"column\" data-e-type=\"column\">\n\t\t\t<div class=\"elementor-widget-wrap\">\n\t\t\t\t\t\t\t<\/div>\n\t\t<\/div>\n\t\t\t\t\t<\/div>\n\t\t<\/section>\n\t\t\t\t<\/div>\n\t\t","protected":false},"excerpt":{"rendered":"<p>Qui suis-je ? Slashing et multipotentialit\u00e9 Je suis Sara Berbel, une Slasheuse multipotentielle, passionn\u00e9e par la richesse des exp\u00e9riences et l\u2019exploration des multiples facettes de l\u2019existence. Mon parcours professionnel est une v\u00e9ritable mosa\u00efque de reconversions : h\u00f4tesse, mannequin, gestionnaire back-office, technicienne en support informatique, assistante maternelle, &#8230; Aujourd&rsquo;hui c&rsquo;est la&nbsp;psycho-\u00e9nergie&nbsp;qui m&rsquo;anime et guide mon engagement au service du bien-\u00eatre. Mon chemin de vie s\u2019est aussi enrichi d\u2019une aventure extraordinaire : \u00e9lever seule trois enfants, aujourd\u2019hui \u00e2g\u00e9s de 25, 23 et 8 ans. Une exp\u00e9rience qui m\u2019a forg\u00e9e et inspir\u00e9e, renfor\u00e7ant ma qu\u00eate de sens et d\u2019harmonie. Depuis plus de dix ans, je me suis plong\u00e9e corps et \u00e2me dans les m\u00e9andres du d\u00e9veloppement personnel et des th\u00e9rapies \u00e9nerg\u00e9tiques : radiesth\u00e9sie, lithoth\u00e9rapie, feng-shui, num\u00e9rologie, m\u00e9ditation, sono-th\u00e9rapie, art-th\u00e9rapie et Design Humain. Chaque pratique est une porte vers une meilleure compr\u00e9hension de soi et un mieux-\u00eatre global. Mon approche repose sur une exploration continue, nourrie par mes exp\u00e9riences et ma volont\u00e9 d\u2019accompagner chacun sur son propre chemin d\u2019\u00e9panouissement. Une sensibilit\u00e9 unique pour accompagner les profils atypiques Mon parcours de vie m&rsquo;a naturellement sensibilis\u00e9e \u00e0 des th\u00e9matiques profondes comme la petite enfance, le\u00a0handicap, l\u2019autisme, les profils neuro-atypiques et haut potentiel (HPI-HPE), le TDAH, l\u2019hypersensibilit\u00e9, ainsi que l\u2019accompagnement des victimes de manipulateurs pervers narcissiques et des personnes confront\u00e9es au syndrome du jumeau perdu. C\u2019est aussi \u00e0 travers mon propre cheminement que j\u2019ai d\u00e9couvert, tardivement, mon profil HPI \u00e0 33 ans, puis mon profil Asperger \u00e0 37 ans. Ces r\u00e9v\u00e9lations ont \u00e9t\u00e9 \u00e0 la fois un soulagement, en mettant enfin des mots sur ce sentiment d\u2019\u00eatre \u00ab diff\u00e9rente \u00bb, et une source de motivation pour refuser de me laisser enfermer dans des \u00e9tiquettes. Plut\u00f4t que de voir ces particularit\u00e9s comme des limites, je les consid\u00e8re comme des cl\u00e9s de compr\u00e9hension pour mieux appr\u00e9hender le monde et accompagner ceux qui, comme moi, se sentent parfois en d\u00e9calage. Parcours intime et compr\u00e9hension Les filles re\u00e7oivent souvent un diagnostic tardif, car leurs centres d&rsquo;int\u00e9r\u00eats sp\u00e9cifiques sont g\u00e9n\u00e9ralement per\u00e7us comme moins \u00ab atypiques \u00bb que chez les gar\u00e7ons. J\u2019ai longtemps su m\u2019adapter en jouant les cam\u00e9l\u00e9ons, \u00e9vitant ainsi d\u2019attirer l\u2019attention sur mes particularit\u00e9s. Grandir aux c\u00f4t\u00e9s d\u2019une maman handicap\u00e9e et d\u00e9pressive a profond\u00e9ment marqu\u00e9 mon parcours. En qu\u00eate d\u2019affection, j\u2019ai instinctivement cherch\u00e9 \u00e0 offrir aux autres enfants ce qui m\u2019avait manqu\u00e9 : d\u2019abord par le baby-sitting, puis en devenant maman tr\u00e8s jeune, \u00e0 19 ans. Cette vuln\u00e9rabilit\u00e9 et ce manque d\u2019amour m\u2019ont rendue particuli\u00e8rement expos\u00e9e aux manipulateurs pervers narcissiques. Heureusement, gr\u00e2ce \u00e0 des th\u00e9rapies et des lectures, j\u2019ai pu identifier et briser ce sch\u00e9ma toxique. J\u2019ai \u00e9galement entrepris un travail en profondeur sur le syndrome du jumeau perdu, ce qui m\u2019a permis de m\u2019en lib\u00e9rer et de retrouver un \u00e9quilibre \u00e9motionnel. Par ailleurs, mon troisi\u00e8me enfant a tr\u00e8s t\u00f4t pr\u00e9sent\u00e9 des troubles sp\u00e9cifiques li\u00e9s \u00e0 l\u2019autisme. Comme de nombreuses familles, j\u2019ai \u00e9t\u00e9 confront\u00e9e \u00e0 un manque cruel d\u2019accompagnement, notamment aupr\u00e8s du CMP de secteur. Malgr\u00e9 l\u2019implication de la psychologue scolaire, les bilans \u00e9tal\u00e9s sur plusieurs jours ont donn\u00e9 des r\u00e9sultats h\u00e9t\u00e9rog\u00e8nes et donc inexploitables. C&rsquo;est finalement gr\u00e2ce au Design Humain que j&rsquo;ai pu comprendre son fonctionnement, probl\u00e9matique par probl\u00e9matique, et identifier ses besoins sp\u00e9cifiques. En adaptant son environnement et notre communication, notre quotidien est devenu beaucoup plus fluide et apais\u00e9. Quatre ans plus tard, je vois mon enfant s\u2019\u00e9panouir chaque jour, et c\u2019est une immense victoire. Chrysalid 2.0 : Catalyseur de changement, couteau suisse du d\u00e9veloppement personnel Forte de mon parcours et anim\u00e9e par une profonde volont\u00e9 de transmission, j\u2019ai fond\u00e9 Chrysalid 2.0 en janvier 2022. Dans un monde en pleine mutation \u00e9nerg\u00e9tique, j\u2019ai ressenti l\u2019appel de partager les connaissances et outils qui ont transform\u00e9 ma vie et inspir\u00e9 mes proches. J&rsquo;ai cr\u00e9\u00e9 pour cela le programme M\u00e9tamorphose,\u00a0con\u00e7u pour accompagner toutes celles et ceux qui souhaitent transformer leur vie en profondeur et de mani\u00e8re durable. En parall\u00e8le, j\u2019ai d\u00e9velopp\u00e9 des accompagnements sp\u00e9cifiques bas\u00e9s sur le Design Humain, ax\u00e9s sur : &#8211;\u00a0 La compr\u00e9hension de soi et de son environnement&#8211;\u00a0 L\u2019am\u00e9lioration de la communication et des interactions avec les autres Gr\u00e2ce \u00e0 ces outils, mon ambition est d\u2019offrir un nouveau regard sur les troubles du neuro-d\u00e9veloppement et d\u2019aider les personnes neuro-atypiques \u00e0 mieux appr\u00e9hender leur fonctionnement unique. Le Design Humain est un puissant levier qui leur permet de transformer leurs diff\u00e9rences en v\u00e9ritables forces. Mon objectif principal ? Leur transmettre des cl\u00e9s concr\u00e8tes d\u2019\u00e9panouissement, pour qu\u2019elles puissent, elles aussi, acc\u00e9der \u00e0 un quotidien plus align\u00e9, fluide et heureux. Entrepreneuriat, communication et cr\u00e9ativit\u00e9 Parall\u00e8lement, mon \u00e2me d\u2019artiste me guide dans les domaines de la communication et de l\u2019image\u00a0:&#8211;\u00a0 Infographie, \u00e9criture, po\u00e9sie&#8211;\u00a0 Informatique, intelligence artificielle&#8211;\u00a0 Marketing digital et SEO Sous ma casquette de consultante, j\u2019accompagne auto-entrepreneurs, artisans, artistes et th\u00e9rapeutes dans leur communication digitale. Mon expertise couvre : L\u2019optimisation de sites web et le r\u00e9f\u00e9rencement naturel (SEO) L\u2019animation des r\u00e9seaux sociaux pour d\u00e9velopper leur visibilit\u00e9 La cr\u00e9ation d\u2019\u00e9l\u00e9ments graphiques impactants pour une communication align\u00e9e et percutante Que ce soit \u00e0 travers Chrysalid 2.0 ou mon activit\u00e9 de consultante, mon v\u0153u est d\u2019aider chacun \u00e0 r\u00e9v\u00e9ler son potentiel, \u00e0 b\u00e2tir une pr\u00e9sence digitale authentique et \u00e0 transformer ses d\u00e9fis en opportunit\u00e9s d\u2019\u00e9volution. Un nouveau chapitre \u00e0 Bagn\u00e8res-de-Bigorre Apr\u00e8s avoir quitt\u00e9 Chaintreaux (Seine-et-Marne), j\u2019ai pos\u00e9 mes valises \u00e0 Bagn\u00e8res-de-Bigorre, o\u00f9 j\u2019ai trouv\u00e9 un nouvel espace pour accueillir celles et ceux en qu\u00eate de transformation et de mieux-\u00eatre. Mon cabinet a ouvert ses portes le 3 mars 2025, au 16 rue Victor Hugo. S\u00e9ances sur rendez-vous :&#8211;&nbsp; En pr\u00e9sentiel ou en visio&#8211;&nbsp; Lundi, mardi, jeudi et vendredi de 9h15 \u00e0 13h et 14h \u00e0 16h15&#8211;&nbsp; Le mercredi et le soir sur demande Je serais ravie d\u2019\u00e9changer avec vous ! Contactez-moi pour toute question ou prise de rendez-vous. C\u2019est avec grand plaisir que je vous r\u00e9pondrai. Retrouvez-moi sur mon blog&nbsp;et mes r\u00e9seaux sociaux, o\u00f9 je partage :&#8211;&nbsp;&nbsp;Des conseils et contenus inspirants&#8211;&nbsp; Des vid\u00e9os et anecdotes de transformation&#8211; Des interviews exclusives, notamment avec Muriel Max, o\u00f9 je d\u00e9voile les grandes \u00e9tapes de mon parcours et quelques secrets de ma m\u00e9tamorphose. Suivez-moi et plongez dans cet univers d\u2019\u00e9volution<\/p>\n","protected":false},"author":1,"featured_media":13002,"parent":0,"menu_order":18,"comment_status":"closed","ping_status":"closed","template":"","meta":{"site-sidebar-layout":"no-sidebar","site-content-layout":"page-builder","ast-site-content-layout":"full-width-container","site-content-style":"unboxed","site-sidebar-style":"unboxed","ast-global-header-display":"","ast-banner-title-visibility":"","ast-main-header-display":"","ast-hfb-above-header-display":"","ast-hfb-below-header-display":"","ast-hfb-mobile-header-display":"","site-post-title":"disabled","ast-breadcrumbs-content":"","ast-featured-img":"disabled","footer-sml-layout":"","ast-disable-related-posts":"","theme-transparent-header-meta":"","adv-header-id-meta":"","stick-header-meta":"","header-above-stick-meta":"","header-main-stick-meta":"","header-below-stick-meta":"","astra-migrate-meta-layouts":"set","ast-page-background-enabled":"default","ast-page-background-meta":{"desktop":{"background-color":"var(--ast-global-color-4)","background-image":"","background-repeat":"repeat","background-position":"center center","background-size":"auto","background-attachment":"scroll","background-type":"","background-media":"","overlay-type":"","overlay-color":"","overlay-opacity":"","overlay-gradient":""},"tablet":{"background-color":"","background-image":"","background-repeat":"repeat","background-position":"center center","background-size":"auto","background-attachment":"scroll","background-type":"","background-media":"","overlay-type":"","overlay-color":"","overlay-opacity":"","overlay-gradient":""},"mobile":{"background-color":"","background-image":"","background-repeat":"repeat","background-position":"center center","background-size":"auto","background-attachment":"scroll","background-type":"","background-media":"","overlay-type":"","overlay-color":"","overlay-opacity":"","overlay-gradient":""}},"ast-content-background-meta":{"desktop":{"background-color":"var(--ast-global-color-5)","background-image":"","background-repeat":"repeat","background-position":"center center","background-size":"auto","background-attachment":"scroll","background-type":"","background-media":"","overlay-type":"","overlay-color":"","overlay-opacity":"","overlay-gradient":""},"tablet":{"background-color":"var(--ast-global-color-5)","background-image":"","background-repeat":"repeat","background-position":"center center","background-size":"auto","background-attachment":"scroll","background-type":"","background-media":"","overlay-type":"","overlay-color":"","overlay-opacity":"","overlay-gradient":""},"mobile":{"background-color":"var(--ast-global-color-5)","background-image":"","background-repeat":"repeat","background-position":"center center","background-size":"auto","background-attachment":"scroll","background-type":"","background-media":"","overlay-type":"","overlay-color":"","overlay-opacity":"","overlay-gradient":""}},"footnotes":""},"class_list":["post-18","page","type-page","status-publish","has-post-thumbnail","hentry"],"yoast_head":"<!-- This site is optimized with the Yoast SEO plugin v27.4 - https:\/\/yoast.com\/product\/yoast-seo-wordpress\/ -->\n<title>Chrysalid 2.0 - Sara Berbel - Qui suis-je ?<\/title>\n<meta name=\"description\" content=\"Pr\u00e9sentation de Sara Berbel, slasheuse multipotentielle, psycho-\u00e9nerg\u00e9ticienne et fondatrice de Chrysalid 2.0\" \/>\n<meta name=\"robots\" content=\"index, follow, max-snippet:-1, max-image-preview:large, max-video-preview:-1\" \/>\n<link rel=\"canonical\" href=\"https:\/\/chrysalid2-0.fr\/psycho-energie\/qui-suis-je\/\" \/>\n<meta property=\"og:locale\" content=\"fr_FR\" \/>\n<meta property=\"og:type\" content=\"article\" \/>\n<meta property=\"og:title\" content=\"Chrysalid 2.0 - Sara Berbel - Qui suis-je ?\" \/>\n<meta property=\"og:description\" content=\"Pr\u00e9sentation de Sara Berbel, slasheuse multipotentielle, psycho-\u00e9nerg\u00e9ticienne et fondatrice de Chrysalid 2.0\" \/>\n<meta property=\"og:url\" content=\"https:\/\/chrysalid2-0.fr\/psycho-energie\/qui-suis-je\/\" \/>\n<meta property=\"og:site_name\" content=\"Chrysalid 2.0 - Psycho-\u00e9nergie &amp; Design Humain\" \/>\n<meta property=\"article:publisher\" content=\"https:\/\/www.facebook.com\/chrysalid2.0\" \/>\n<meta property=\"article:modified_time\" content=\"2025-12-03T04:01:09+00:00\" \/>\n<meta property=\"og:image\" content=\"https:\/\/chrysalid2-0.fr\/psycho-energie\/wp-content\/uploads\/sites\/4\/2025\/12\/chrysalid2-0-qui-suis-je-opengraph.jpg\" \/>\n\t<meta property=\"og:image:width\" content=\"1200\" \/>\n\t<meta property=\"og:image:height\" content=\"630\" \/>\n\t<meta property=\"og:image:type\" content=\"image\/jpeg\" \/>\n<meta name=\"twitter:card\" content=\"summary_large_image\" \/>\n<meta name=\"twitter:label1\" content=\"Dur\u00e9e de lecture estim\u00e9e\" \/>\n\t<meta name=\"twitter:data1\" content=\"1 minute\" \/>\n<script type=\"application\/ld+json\" class=\"yoast-schema-graph\">{\"@context\":\"https:\\\/\\\/schema.org\",\"@graph\":[{\"@type\":\"WebPage\",\"@id\":\"https:\\\/\\\/chrysalid2-0.fr\\\/psycho-energie\\\/qui-suis-je\\\/\",\"url\":\"https:\\\/\\\/chrysalid2-0.fr\\\/psycho-energie\\\/qui-suis-je\\\/\",\"name\":\"Chrysalid 2.0 - Sara Berbel - Qui suis-je ?\",\"isPartOf\":{\"@id\":\"https:\\\/\\\/chrysalid2-0.fr\\\/psycho-energie\\\/#website\"},\"primaryImageOfPage\":{\"@id\":\"https:\\\/\\\/chrysalid2-0.fr\\\/psycho-energie\\\/qui-suis-je\\\/#primaryimage\"},\"image\":{\"@id\":\"https:\\\/\\\/chrysalid2-0.fr\\\/psycho-energie\\\/qui-suis-je\\\/#primaryimage\"},\"thumbnailUrl\":\"https:\\\/\\\/chrysalid2-0.fr\\\/psycho-energie\\\/wp-content\\\/uploads\\\/sites\\\/4\\\/2025\\\/12\\\/chrysalid2-0-qui-suis-je-opengraph.jpg\",\"datePublished\":\"2022-10-08T23:42:41+00:00\",\"dateModified\":\"2025-12-03T04:01:09+00:00\",\"description\":\"Pr\u00e9sentation de Sara Berbel, slasheuse multipotentielle, psycho-\u00e9nerg\u00e9ticienne et fondatrice de Chrysalid 2.0\",\"breadcrumb\":{\"@id\":\"https:\\\/\\\/chrysalid2-0.fr\\\/psycho-energie\\\/qui-suis-je\\\/#breadcrumb\"},\"inLanguage\":\"fr-FR\",\"potentialAction\":[{\"@type\":\"ReadAction\",\"target\":[\"https:\\\/\\\/chrysalid2-0.fr\\\/psycho-energie\\\/qui-suis-je\\\/\"]}]},{\"@type\":\"ImageObject\",\"inLanguage\":\"fr-FR\",\"@id\":\"https:\\\/\\\/chrysalid2-0.fr\\\/psycho-energie\\\/qui-suis-je\\\/#primaryimage\",\"url\":\"https:\\\/\\\/chrysalid2-0.fr\\\/psycho-energie\\\/wp-content\\\/uploads\\\/sites\\\/4\\\/2025\\\/12\\\/chrysalid2-0-qui-suis-je-opengraph.jpg\",\"contentUrl\":\"https:\\\/\\\/chrysalid2-0.fr\\\/psycho-energie\\\/wp-content\\\/uploads\\\/sites\\\/4\\\/2025\\\/12\\\/chrysalid2-0-qui-suis-je-opengraph.jpg\",\"width\":1200,\"height\":630,\"caption\":\"Opengraph page Qui suis-je ?\"},{\"@type\":\"BreadcrumbList\",\"@id\":\"https:\\\/\\\/chrysalid2-0.fr\\\/psycho-energie\\\/qui-suis-je\\\/#breadcrumb\",\"itemListElement\":[{\"@type\":\"ListItem\",\"position\":1,\"name\":\"Accueil\",\"item\":\"https:\\\/\\\/chrysalid2-0.fr\\\/psycho-energie\\\/\"},{\"@type\":\"ListItem\",\"position\":2,\"name\":\"Qui suis-je ?\"}]},{\"@type\":\"WebSite\",\"@id\":\"https:\\\/\\\/chrysalid2-0.fr\\\/psycho-energie\\\/#website\",\"url\":\"https:\\\/\\\/chrysalid2-0.fr\\\/psycho-energie\\\/\",\"name\":\"Chrysalid 2.0 - Psycho-\u00e9nergie & Design Humain\",\"description\":\"Osez le chemin de l&#039;authenticit\u00e9 !\",\"publisher\":{\"@id\":\"https:\\\/\\\/chrysalid2-0.fr\\\/psycho-energie\\\/#organization\"},\"alternateName\":\"Chrysalid 2.0\",\"potentialAction\":[{\"@type\":\"SearchAction\",\"target\":{\"@type\":\"EntryPoint\",\"urlTemplate\":\"https:\\\/\\\/chrysalid2-0.fr\\\/psycho-energie\\\/?s={search_term_string}\"},\"query-input\":{\"@type\":\"PropertyValueSpecification\",\"valueRequired\":true,\"valueName\":\"search_term_string\"}}],\"inLanguage\":\"fr-FR\"},{\"@type\":\"Organization\",\"@id\":\"https:\\\/\\\/chrysalid2-0.fr\\\/psycho-energie\\\/#organization\",\"name\":\"Chrysalid 2.0 - Psycho-\u00e9nergie & Design Humain\",\"alternateName\":\"Chrysalid 2.0\",\"url\":\"https:\\\/\\\/chrysalid2-0.fr\\\/psycho-energie\\\/\",\"logo\":{\"@type\":\"ImageObject\",\"inLanguage\":\"fr-FR\",\"@id\":\"https:\\\/\\\/chrysalid2-0.fr\\\/psycho-energie\\\/#\\\/schema\\\/logo\\\/image\\\/\",\"url\":\"https:\\\/\\\/chrysalid2-0.fr\\\/psycho-energie\\\/wp-content\\\/uploads\\\/sites\\\/4\\\/2022\\\/10\\\/logo-chrysalid-2-0-350x350-1.jpg\",\"contentUrl\":\"https:\\\/\\\/chrysalid2-0.fr\\\/psycho-energie\\\/wp-content\\\/uploads\\\/sites\\\/4\\\/2022\\\/10\\\/logo-chrysalid-2-0-350x350-1.jpg\",\"width\":350,\"height\":350,\"caption\":\"Chrysalid 2.0 - Psycho-\u00e9nergie & Design Humain\"},\"image\":{\"@id\":\"https:\\\/\\\/chrysalid2-0.fr\\\/psycho-energie\\\/#\\\/schema\\\/logo\\\/image\\\/\"},\"sameAs\":[\"https:\\\/\\\/www.facebook.com\\\/chrysalid2.0\",\"https:\\\/\\\/www.instagram.com\\\/chrysalid2.0\\\/\",\"https:\\\/\\\/www.linkedin.com\\\/in\\\/sara-berbel-a488a2218\\\/\"]}]}<\/script>\n<!-- \/ Yoast SEO plugin. -->","yoast_head_json":{"title":"Chrysalid 2.0 - Sara Berbel - Qui suis-je ?","description":"Pr\u00e9sentation de Sara Berbel, slasheuse multipotentielle, psycho-\u00e9nerg\u00e9ticienne et fondatrice de Chrysalid 2.0","robots":{"index":"index","follow":"follow","max-snippet":"max-snippet:-1","max-image-preview":"max-image-preview:large","max-video-preview":"max-video-preview:-1"},"canonical":"https:\/\/chrysalid2-0.fr\/psycho-energie\/qui-suis-je\/","og_locale":"fr_FR","og_type":"article","og_title":"Chrysalid 2.0 - Sara Berbel - Qui suis-je ?","og_description":"Pr\u00e9sentation de Sara Berbel, slasheuse multipotentielle, psycho-\u00e9nerg\u00e9ticienne et fondatrice de Chrysalid 2.0","og_url":"https:\/\/chrysalid2-0.fr\/psycho-energie\/qui-suis-je\/","og_site_name":"Chrysalid 2.0 - Psycho-\u00e9nergie &amp; Design Humain","article_publisher":"https:\/\/www.facebook.com\/chrysalid2.0","article_modified_time":"2025-12-03T04:01:09+00:00","og_image":[{"width":1200,"height":630,"url":"https:\/\/chrysalid2-0.fr\/psycho-energie\/wp-content\/uploads\/sites\/4\/2025\/12\/chrysalid2-0-qui-suis-je-opengraph.jpg","type":"image\/jpeg"}],"twitter_card":"summary_large_image","twitter_misc":{"Dur\u00e9e de lecture estim\u00e9e":"1 minute"},"schema":{"@context":"https:\/\/schema.org","@graph":[{"@type":"WebPage","@id":"https:\/\/chrysalid2-0.fr\/psycho-energie\/qui-suis-je\/","url":"https:\/\/chrysalid2-0.fr\/psycho-energie\/qui-suis-je\/","name":"Chrysalid 2.0 - Sara Berbel - Qui suis-je ?","isPartOf":{"@id":"https:\/\/chrysalid2-0.fr\/psycho-energie\/#website"},"primaryImageOfPage":{"@id":"https:\/\/chrysalid2-0.fr\/psycho-energie\/qui-suis-je\/#primaryimage"},"image":{"@id":"https:\/\/chrysalid2-0.fr\/psycho-energie\/qui-suis-je\/#primaryimage"},"thumbnailUrl":"https:\/\/chrysalid2-0.fr\/psycho-energie\/wp-content\/uploads\/sites\/4\/2025\/12\/chrysalid2-0-qui-suis-je-opengraph.jpg","datePublished":"2022-10-08T23:42:41+00:00","dateModified":"2025-12-03T04:01:09+00:00","description":"Pr\u00e9sentation de Sara Berbel, slasheuse multipotentielle, psycho-\u00e9nerg\u00e9ticienne et fondatrice de Chrysalid 2.0","breadcrumb":{"@id":"https:\/\/chrysalid2-0.fr\/psycho-energie\/qui-suis-je\/#breadcrumb"},"inLanguage":"fr-FR","potentialAction":[{"@type":"ReadAction","target":["https:\/\/chrysalid2-0.fr\/psycho-energie\/qui-suis-je\/"]}]},{"@type":"ImageObject","inLanguage":"fr-FR","@id":"https:\/\/chrysalid2-0.fr\/psycho-energie\/qui-suis-je\/#primaryimage","url":"https:\/\/chrysalid2-0.fr\/psycho-energie\/wp-content\/uploads\/sites\/4\/2025\/12\/chrysalid2-0-qui-suis-je-opengraph.jpg","contentUrl":"https:\/\/chrysalid2-0.fr\/psycho-energie\/wp-content\/uploads\/sites\/4\/2025\/12\/chrysalid2-0-qui-suis-je-opengraph.jpg","width":1200,"height":630,"caption":"Opengraph page Qui suis-je ?"},{"@type":"BreadcrumbList","@id":"https:\/\/chrysalid2-0.fr\/psycho-energie\/qui-suis-je\/#breadcrumb","itemListElement":[{"@type":"ListItem","position":1,"name":"Accueil","item":"https:\/\/chrysalid2-0.fr\/psycho-energie\/"},{"@type":"ListItem","position":2,"name":"Qui suis-je ?"}]},{"@type":"WebSite","@id":"https:\/\/chrysalid2-0.fr\/psycho-energie\/#website","url":"https:\/\/chrysalid2-0.fr\/psycho-energie\/","name":"Chrysalid 2.0 - Psycho-\u00e9nergie & Design Humain","description":"Osez le chemin de l&#039;authenticit\u00e9 !","publisher":{"@id":"https:\/\/chrysalid2-0.fr\/psycho-energie\/#organization"},"alternateName":"Chrysalid 2.0","potentialAction":[{"@type":"SearchAction","target":{"@type":"EntryPoint","urlTemplate":"https:\/\/chrysalid2-0.fr\/psycho-energie\/?s={search_term_string}"},"query-input":{"@type":"PropertyValueSpecification","valueRequired":true,"valueName":"search_term_string"}}],"inLanguage":"fr-FR"},{"@type":"Organization","@id":"https:\/\/chrysalid2-0.fr\/psycho-energie\/#organization","name":"Chrysalid 2.0 - Psycho-\u00e9nergie & Design Humain","alternateName":"Chrysalid 2.0","url":"https:\/\/chrysalid2-0.fr\/psycho-energie\/","logo":{"@type":"ImageObject","inLanguage":"fr-FR","@id":"https:\/\/chrysalid2-0.fr\/psycho-energie\/#\/schema\/logo\/image\/","url":"https:\/\/chrysalid2-0.fr\/psycho-energie\/wp-content\/uploads\/sites\/4\/2022\/10\/logo-chrysalid-2-0-350x350-1.jpg","contentUrl":"https:\/\/chrysalid2-0.fr\/psycho-energie\/wp-content\/uploads\/sites\/4\/2022\/10\/logo-chrysalid-2-0-350x350-1.jpg","width":350,"height":350,"caption":"Chrysalid 2.0 - Psycho-\u00e9nergie & Design Humain"},"image":{"@id":"https:\/\/chrysalid2-0.fr\/psycho-energie\/#\/schema\/logo\/image\/"},"sameAs":["https:\/\/www.facebook.com\/chrysalid2.0","https:\/\/www.instagram.com\/chrysalid2.0\/","https:\/\/www.linkedin.com\/in\/sara-berbel-a488a2218\/"]}]}},"_links":{"self":[{"href":"https:\/\/chrysalid2-0.fr\/psycho-energie\/wp-json\/wp\/v2\/pages\/18","targetHints":{"allow":["GET"]}}],"collection":[{"href":"https:\/\/chrysalid2-0.fr\/psycho-energie\/wp-json\/wp\/v2\/pages"}],"about":[{"href":"https:\/\/chrysalid2-0.fr\/psycho-energie\/wp-json\/wp\/v2\/types\/page"}],"author":[{"embeddable":true,"href":"https:\/\/chrysalid2-0.fr\/psycho-energie\/wp-json\/wp\/v2\/users\/1"}],"replies":[{"embeddable":true,"href":"https:\/\/chrysalid2-0.fr\/psycho-energie\/wp-json\/wp\/v2\/comments?post=18"}],"version-history":[{"count":64,"href":"https:\/\/chrysalid2-0.fr\/psycho-energie\/wp-json\/wp\/v2\/pages\/18\/revisions"}],"predecessor-version":[{"id":13007,"href":"https:\/\/chrysalid2-0.fr\/psycho-energie\/wp-json\/wp\/v2\/pages\/18\/revisions\/13007"}],"wp:featuredmedia":[{"embeddable":true,"href":"https:\/\/chrysalid2-0.fr\/psycho-energie\/wp-json\/wp\/v2\/media\/13002"}],"wp:attachment":[{"href":"https:\/\/chrysalid2-0.fr\/psycho-energie\/wp-json\/wp\/v2\/media?parent=18"}],"curies":[{"name":"wp","href":"https:\/\/api.w.org\/{rel}","templated":true}]}}