{"id":13266,"date":"2026-01-06T11:39:46","date_gmt":"2026-01-06T10:39:46","guid":{"rendered":"https:\/\/chrysalid2-0.fr\/psycho-energie\/?page_id=13266"},"modified":"2026-01-11T01:29:24","modified_gmt":"2026-01-11T00:29:24","slug":"composite-transit-et-charte-personnelle","status":"publish","type":"page","link":"https:\/\/chrysalid2-0.fr\/psycho-energie\/design-humain\/composite-transit-et-charte-personnelle\/","title":{"rendered":"Composite Transit &#038; Charte personnelle"},"content":{"rendered":"\t\t<div data-elementor-type=\"wp-page\" data-elementor-id=\"13266\" class=\"elementor elementor-13266\">\n\t\t\t\t\t\t<section class=\"elementor-section elementor-top-section elementor-element elementor-element-1845c4e elementor-section-full_width elementor-section-content-top elementor-section-items-top elementor-section-height-min-height elementor-section-height-default wpr-particle-no wpr-jarallax-no wpr-parallax-no wpr-sticky-section-no wpr-equal-height-no\" data-id=\"1845c4e\" data-element_type=\"section\" data-e-type=\"section\" data-settings=\"{&quot;background_background&quot;:&quot;classic&quot;,&quot;animation_mobile&quot;:&quot;none&quot;}\">\n\t\t\t\t\t\t\t<div class=\"elementor-background-overlay\"><\/div>\n\t\t\t\t\t\t\t<div class=\"elementor-container elementor-column-gap-default\">\n\t\t\t\t\t<div class=\"elementor-column elementor-col-100 elementor-top-column elementor-element elementor-element-e07f93e\" data-id=\"e07f93e\" data-element_type=\"column\" data-e-type=\"column\">\n\t\t\t<div class=\"elementor-widget-wrap elementor-element-populated\">\n\t\t\t\t\t\t<div class=\"elementor-element elementor-element-f6d8101 elementor-widget elementor-widget-heading\" data-id=\"f6d8101\" data-element_type=\"widget\" data-e-type=\"widget\" data-widget_type=\"heading.default\">\n\t\t\t\t<div class=\"elementor-widget-container\">\n\t\t\t\t\t<h1 class=\"elementor-heading-title elementor-size-default\">Composite Transit &amp; Charte personnelle en Design Humain<\/h1>\t\t\t\t<\/div>\n\t\t\t\t<\/div>\n\t\t\t\t\t<\/div>\n\t\t<\/div>\n\t\t\t\t\t<\/div>\n\t\t<\/section>\n\t\t\t\t<section class=\"elementor-section elementor-top-section elementor-element elementor-element-4c13335 elementor-section-stretched elementor-section-boxed elementor-section-height-default elementor-section-height-default wpr-particle-no wpr-jarallax-no wpr-parallax-no wpr-sticky-section-no wpr-equal-height-no\" data-id=\"4c13335\" data-element_type=\"section\" data-e-type=\"section\" data-settings=\"{&quot;stretch_section&quot;:&quot;section-stretched&quot;}\">\n\t\t\t\t\t\t<div class=\"elementor-container elementor-column-gap-default\">\n\t\t\t\t\t<div class=\"elementor-column elementor-col-100 elementor-top-column elementor-element elementor-element-30d50dc\" data-id=\"30d50dc\" data-element_type=\"column\" data-e-type=\"column\">\n\t\t\t<div class=\"elementor-widget-wrap elementor-element-populated\">\n\t\t\t\t\t\t<div class=\"elementor-element elementor-element-a162aad elementor-widget elementor-widget-heading\" data-id=\"a162aad\" data-element_type=\"widget\" data-e-type=\"widget\" data-widget_type=\"heading.default\">\n\t\t\t\t<div class=\"elementor-widget-container\">\n\t\t\t\t\t<h2 class=\"elementor-heading-title elementor-size-default\">Comprendre l\u2019impact du transit sur votre charte personnelle<\/h2>\t\t\t\t<\/div>\n\t\t\t\t<\/div>\n\t\t\t\t<section class=\"elementor-section elementor-inner-section elementor-element elementor-element-395ec84 elementor-section-boxed elementor-section-height-default elementor-section-height-default wpr-particle-no wpr-jarallax-no wpr-parallax-no wpr-sticky-section-no wpr-equal-height-no\" data-id=\"395ec84\" data-element_type=\"section\" data-e-type=\"section\">\n\t\t\t\t\t\t<div class=\"elementor-container elementor-column-gap-default\">\n\t\t\t\t\t<div class=\"elementor-column elementor-col-100 elementor-inner-column elementor-element elementor-element-fdb9806\" data-id=\"fdb9806\" data-element_type=\"column\" data-e-type=\"column\">\n\t\t\t<div class=\"elementor-widget-wrap elementor-element-populated\">\n\t\t\t\t\t\t<div class=\"elementor-element elementor-element-7385196 elementor-widget elementor-widget-text-editor\" data-id=\"7385196\" data-element_type=\"widget\" data-e-type=\"widget\" data-widget_type=\"text-editor.default\">\n\t\t\t\t<div class=\"elementor-widget-container\">\n\t\t\t\t\t\t\t\t\t<p>Le transit en Design Humain agit comme une \u00e9nergie collective, la m\u00eame pour tous \u2026 mais <b>son impact est unique pour chaque personne.<\/b><\/p><p>En cr\u00e9ant un <strong data-start=\"756\" data-end=\"832\">composite entre votre charte personnelle et le transit plan\u00e9taire \u00e0 une date donn\u00e9e<\/strong>, vous pouvez observer comment cette \u00e9nergie vient <strong data-start=\"883\" data-end=\"959\">activer, amplifier ou challenger certains aspects pr\u00e9cis de votre sch\u00e9ma.<\/strong><\/p><p>Ce composite permet de passer d\u2019une lecture globale du transit \u00e0 une <b>compr\u00e9hension fine, personnalis\u00e9e et concr\u00e8te de ce que vous vivez.<\/b><\/p>\t\t\t\t\t\t\t\t<\/div>\n\t\t\t\t<\/div>\n\t\t\t\t\t<\/div>\n\t\t<\/div>\n\t\t\t\t\t<\/div>\n\t\t<\/section>\n\t\t\t\t\t<\/div>\n\t\t<\/div>\n\t\t\t\t\t<\/div>\n\t\t<\/section>\n\t\t\t\t<section class=\"elementor-section elementor-top-section elementor-element elementor-element-958697f elementor-section-stretched elementor-section-boxed elementor-section-height-default elementor-section-height-default wpr-particle-no wpr-jarallax-no wpr-parallax-no wpr-sticky-section-no wpr-equal-height-no\" data-id=\"958697f\" data-element_type=\"section\" data-e-type=\"section\" data-settings=\"{&quot;stretch_section&quot;:&quot;section-stretched&quot;}\">\n\t\t\t\t\t\t<div class=\"elementor-container elementor-column-gap-default\">\n\t\t\t\t\t<div class=\"elementor-column elementor-col-100 elementor-top-column elementor-element elementor-element-18a2726\" data-id=\"18a2726\" data-element_type=\"column\" data-e-type=\"column\">\n\t\t\t<div class=\"elementor-widget-wrap elementor-element-populated\">\n\t\t\t\t\t\t<div class=\"elementor-element elementor-element-0a835bd elementor-widget elementor-widget-heading\" data-id=\"0a835bd\" data-element_type=\"widget\" data-e-type=\"widget\" data-widget_type=\"heading.default\">\n\t\t\t\t<div class=\"elementor-widget-container\">\n\t\t\t\t\t<h2 class=\"elementor-heading-title elementor-size-default\">D\u00e9couvrir comment votre charte personnelle de Design Humain est impact\u00e9e par le Transit plan\u00e9taire<\/h2>\t\t\t\t<\/div>\n\t\t\t\t<\/div>\n\t\t\t\t<section class=\"elementor-section elementor-inner-section elementor-element elementor-element-c7d7849 elementor-section-full_width elementor-section-height-default elementor-section-height-default wpr-particle-no wpr-jarallax-no wpr-parallax-no wpr-sticky-section-no wpr-equal-height-no\" data-id=\"c7d7849\" data-element_type=\"section\" data-e-type=\"section\">\n\t\t\t\t\t\t<div class=\"elementor-container elementor-column-gap-default\">\n\t\t\t\t\t<div class=\"elementor-column elementor-col-100 elementor-inner-column elementor-element elementor-element-bb9584c\" data-id=\"bb9584c\" data-element_type=\"column\" data-e-type=\"column\">\n\t\t\t<div class=\"elementor-widget-wrap elementor-element-populated\">\n\t\t\t\t\t\t<div class=\"elementor-element elementor-element-726f201 elementor-widget elementor-widget-text-editor\" data-id=\"726f201\" data-element_type=\"widget\" data-e-type=\"widget\" data-widget_type=\"text-editor.default\">\n\t\t\t\t<div class=\"elementor-widget-container\">\n\t\t\t\t\t\t\t\t\t<p>Cet outil vous permet de calculer gratuitement un <b>composite<\/b> entre :<\/p>\n<ul>\n<li>votre <b>charte personnelle de Design Humain<\/b><\/li>\n<li>le <b>transit plan\u00e9taire<\/b> \u00e0 la date et l\u2019heure de votre choix<\/li>\n<\/ul>\n<p>Vous pourrez ainsi explorer :<\/p>\n<ul>\n<li>quelles portes, quels canaux et quels centres sont activ\u00e9s temporairement<\/li>\n<li>quelles dynamiques \u00e9nerg\u00e9tiques \u00e9mergent<\/li>\n<li>comment le climat collectif du moment interagit avec votre fonctionnement naturel<\/li>\n<\/ul>\n<p>Prenez ce composite comme une <b>cl\u00e9 de lecture,<\/b> une m\u00e9t\u00e9o \u00e9nerg\u00e9tique personnalis\u00e9e, au service de plus de conscience et d\u2019alignement dans votre quotidien.<\/p>\t\t\t\t\t\t\t\t<\/div>\n\t\t\t\t<\/div>\n\t\t\t\t<div class=\"elementor-element elementor-element-e3491f9 elementor-widget elementor-widget-shortcode\" data-id=\"e3491f9\" data-element_type=\"widget\" data-e-type=\"widget\" data-widget_type=\"shortcode.default\">\n\t\t\t\t<div class=\"elementor-widget-container\">\n\t\t\t\t\t\t\t<div class=\"elementor-shortcode\"><script src=\"https:\/\/app.bodygraph.com\/integrate-chart\/js\" defer><\/script><bodygraph-embed chart-id=\"26604\" token=\"1c913811-60c5-4685-a011-283a34091ec7\"><\/bodygraph-embed><\/div>\n\t\t\t\t\t\t<\/div>\n\t\t\t\t<\/div>\n\t\t\t\t\t<\/div>\n\t\t<\/div>\n\t\t\t\t\t<\/div>\n\t\t<\/section>\n\t\t\t\t\t<\/div>\n\t\t<\/div>\n\t\t\t\t\t<\/div>\n\t\t<\/section>\n\t\t\t\t<section class=\"elementor-section elementor-top-section elementor-element elementor-element-72167c3 elementor-section-stretched elementor-section-boxed elementor-section-height-default elementor-section-height-default wpr-particle-no wpr-jarallax-no wpr-parallax-no wpr-sticky-section-no wpr-equal-height-no\" data-id=\"72167c3\" data-element_type=\"section\" data-e-type=\"section\" data-settings=\"{&quot;stretch_section&quot;:&quot;section-stretched&quot;}\">\n\t\t\t\t\t\t<div class=\"elementor-container elementor-column-gap-default\">\n\t\t\t\t\t<div class=\"elementor-column elementor-col-100 elementor-top-column elementor-element elementor-element-6a3ff79\" data-id=\"6a3ff79\" data-element_type=\"column\" data-e-type=\"column\">\n\t\t\t<div class=\"elementor-widget-wrap elementor-element-populated\">\n\t\t\t\t\t\t<div class=\"elementor-element elementor-element-a54c0ad elementor-widget elementor-widget-heading\" data-id=\"a54c0ad\" data-element_type=\"widget\" data-e-type=\"widget\" data-widget_type=\"heading.default\">\n\t\t\t\t<div class=\"elementor-widget-container\">\n\t\t\t\t\t<h2 class=\"elementor-heading-title elementor-size-default\">Pour aller plus loin avec le Design Humain ...<\/h2>\t\t\t\t<\/div>\n\t\t\t\t<\/div>\n\t\t\t\t<section class=\"elementor-section elementor-inner-section elementor-element elementor-element-602ffb6 elementor-section-boxed elementor-section-height-default elementor-section-height-default wpr-particle-no wpr-jarallax-no wpr-parallax-no wpr-sticky-section-no wpr-equal-height-no\" data-id=\"602ffb6\" data-element_type=\"section\" data-e-type=\"section\">\n\t\t\t\t\t\t<div class=\"elementor-container elementor-column-gap-default\">\n\t\t\t\t\t<div class=\"elementor-column elementor-col-50 elementor-inner-column elementor-element elementor-element-f4118cc\" data-id=\"f4118cc\" data-element_type=\"column\" data-e-type=\"column\">\n\t\t\t<div class=\"elementor-widget-wrap elementor-element-populated\">\n\t\t\t\t\t\t<div class=\"elementor-element elementor-element-a1f13ed elementor-widget elementor-widget-image\" data-id=\"a1f13ed\" data-element_type=\"widget\" data-e-type=\"widget\" data-widget_type=\"image.default\">\n\t\t\t\t<div class=\"elementor-widget-container\">\n\t\t\t\t\t\t\t\t\t\t\t\t\t\t\t<img decoding=\"async\" src=\"https:\/\/chrysalid2-0.fr\/psycho-energie\/wp-content\/uploads\/sites\/4\/elementor\/thumbs\/humandesign-qch21aunaexig1h6dwao7zs5ag1b4n670imcz2cin0.png\" title=\"humandesign\" alt=\"Charte Design Humain\" loading=\"lazy\" \/>\t\t\t\t\t\t\t\t\t\t\t\t\t\t\t<\/div>\n\t\t\t\t<\/div>\n\t\t\t\t<div class=\"elementor-element elementor-element-7f3f1b5 elementor-widget elementor-widget-heading\" data-id=\"7f3f1b5\" data-element_type=\"widget\" data-e-type=\"widget\" data-widget_type=\"heading.default\">\n\t\t\t\t<div class=\"elementor-widget-container\">\n\t\t\t\t\t<h3 class=\"elementor-heading-title elementor-size-default\">S\u00e9ance d'accompagnement de Design Humain <\/h3>\t\t\t\t<\/div>\n\t\t\t\t<\/div>\n\t\t\t\t<div class=\"elementor-element elementor-element-5eb0ada elementor-widget elementor-widget-text-editor\" data-id=\"5eb0ada\" data-element_type=\"widget\" data-e-type=\"widget\" data-widget_type=\"text-editor.default\">\n\t\t\t\t<div class=\"elementor-widget-container\">\n\t\t\t\t\t\t\t\t\t<p>Je vous propose des s\u00e9ances d&rsquo;accompagnement afin de r\u00e9pondre \u00e0 vos probl\u00e9matiques au regard du Design Humain : en compl\u00e9ment de votre Manuel personnalis\u00e9, pour r\u00e9soudre une probl\u00e9matique concernant vos relations, votre entreprise, votre communication\u00a0 \u00a0&#8230;<\/p>\t\t\t\t\t\t\t\t<\/div>\n\t\t\t\t<\/div>\n\t\t\t\t<div class=\"elementor-element elementor-element-bec8b53 elementor-align-center elementor-widget elementor-widget-button\" data-id=\"bec8b53\" data-element_type=\"widget\" data-e-type=\"widget\" data-widget_type=\"button.default\">\n\t\t\t\t<div class=\"elementor-widget-container\">\n\t\t\t\t\t\t\t\t\t<div class=\"elementor-button-wrapper\">\n\t\t\t\t\t<a class=\"elementor-button elementor-button-link elementor-size-md\" href=\"https:\/\/chrysalid2-0.fr\/psycho-energie\/services\/seance-de-design-humain\/\">\n\t\t\t\t\t\t<span class=\"elementor-button-content-wrapper\">\n\t\t\t\t\t\t\t\t\t<span class=\"elementor-button-text\">En savoir + \/  Prendre RDV<\/span>\n\t\t\t\t\t<\/span>\n\t\t\t\t\t<\/a>\n\t\t\t\t<\/div>\n\t\t\t\t\t\t\t\t<\/div>\n\t\t\t\t<\/div>\n\t\t\t\t\t<\/div>\n\t\t<\/div>\n\t\t\t\t<div class=\"elementor-column elementor-col-50 elementor-inner-column elementor-element elementor-element-b3903eb\" data-id=\"b3903eb\" data-element_type=\"column\" data-e-type=\"column\">\n\t\t\t<div class=\"elementor-widget-wrap elementor-element-populated\">\n\t\t\t\t\t\t<div class=\"elementor-element elementor-element-f3a5759 elementor-widget elementor-widget-image\" data-id=\"f3a5759\" data-element_type=\"widget\" data-e-type=\"widget\" data-widget_type=\"image.default\">\n\t\t\t\t<div class=\"elementor-widget-container\">\n\t\t\t\t\t\t\t\t\t\t\t\t\t\t\t<img decoding=\"async\" src=\"https:\/\/chrysalid2-0.fr\/psycho-energie\/wp-content\/uploads\/sites\/4\/elementor\/thumbs\/manuel-personnalise_600-rern5f8g3finihe97vkxd2akmcuuvjdbbodipzd9b0.png\" title=\"manuel-personnalise_600\" alt=\"Vignette Manuel personnalis\u00e9 de Design Humain\" loading=\"lazy\" \/>\t\t\t\t\t\t\t\t\t\t\t\t\t\t\t<\/div>\n\t\t\t\t<\/div>\n\t\t\t\t<div class=\"elementor-element elementor-element-0123bf3 elementor-widget elementor-widget-heading\" data-id=\"0123bf3\" data-element_type=\"widget\" data-e-type=\"widget\" data-widget_type=\"heading.default\">\n\t\t\t\t<div class=\"elementor-widget-container\">\n\t\t\t\t\t<h3 class=\"elementor-heading-title elementor-size-default\">Votre Manuel personnalis\u00e9 de Design Humain<\/h3>\t\t\t\t<\/div>\n\t\t\t\t<\/div>\n\t\t\t\t<div class=\"elementor-element elementor-element-4670697 elementor-widget elementor-widget-text-editor\" data-id=\"4670697\" data-element_type=\"widget\" data-e-type=\"widget\" data-widget_type=\"text-editor.default\">\n\t\t\t\t<div class=\"elementor-widget-container\">\n\t\t\t\t\t\t\t\t\t<p>Je r\u00e9alise des Manuels personnalis\u00e9s de 48 \u00e0 60 pages que je vous envoie par mail au format pdf.\u00a0 Vous y trouverez les fondamentaux du Design Humain, votre sch\u00e9ma corporel ainsi qu&rsquo;une analyse d\u00e9taill\u00e9e de celui-ci.<\/p>\t\t\t\t\t\t\t\t<\/div>\n\t\t\t\t<\/div>\n\t\t\t\t<div class=\"elementor-element elementor-element-37799c9 elementor-align-center elementor-widget elementor-widget-button\" data-id=\"37799c9\" data-element_type=\"widget\" data-e-type=\"widget\" data-widget_type=\"button.default\">\n\t\t\t\t<div class=\"elementor-widget-container\">\n\t\t\t\t\t\t\t\t\t<div class=\"elementor-button-wrapper\">\n\t\t\t\t\t<a class=\"elementor-button elementor-button-link elementor-size-md\" href=\"https:\/\/chrysalid2-0.fr\/psycho-energie\/services\/design-humain-manuel-personnalise\/\">\n\t\t\t\t\t\t<span class=\"elementor-button-content-wrapper\">\n\t\t\t\t\t\t\t\t\t<span class=\"elementor-button-text\">En savoir + \/ Commander<\/span>\n\t\t\t\t\t<\/span>\n\t\t\t\t\t<\/a>\n\t\t\t\t<\/div>\n\t\t\t\t\t\t\t\t<\/div>\n\t\t\t\t<\/div>\n\t\t\t\t\t<\/div>\n\t\t<\/div>\n\t\t\t\t\t<\/div>\n\t\t<\/section>\n\t\t\t\t<section class=\"elementor-section elementor-inner-section elementor-element elementor-element-d54bba1 elementor-section-boxed elementor-section-height-default elementor-section-height-default wpr-particle-no wpr-jarallax-no wpr-parallax-no wpr-sticky-section-no wpr-equal-height-no\" data-id=\"d54bba1\" data-element_type=\"section\" data-e-type=\"section\">\n\t\t\t\t\t\t<div class=\"elementor-container elementor-column-gap-default\">\n\t\t\t\t\t<div class=\"elementor-column elementor-col-100 elementor-inner-column elementor-element elementor-element-f7ed408\" data-id=\"f7ed408\" data-element_type=\"column\" data-e-type=\"column\">\n\t\t\t<div class=\"elementor-widget-wrap elementor-element-populated\">\n\t\t\t\t\t\t<div class=\"elementor-element elementor-element-3c84549 elementor-widget elementor-widget-image\" data-id=\"3c84549\" data-element_type=\"widget\" data-e-type=\"widget\" data-widget_type=\"image.default\">\n\t\t\t\t<div class=\"elementor-widget-container\">\n\t\t\t\t\t\t\t\t\t\t\t\t\t\t\t<img decoding=\"async\" src=\"https:\/\/chrysalid2-0.fr\/psycho-energie\/wp-content\/uploads\/sites\/4\/elementor\/thumbs\/Pack-DH_600-rerngyp407be24mrtv60z5gb6nz3dr6o8sq4ua98ws.png\" title=\"Pack-DH_600\" alt=\"Vignette Pack DH perso\" loading=\"lazy\" \/>\t\t\t\t\t\t\t\t\t\t\t\t\t\t\t<\/div>\n\t\t\t\t<\/div>\n\t\t\t\t<div class=\"elementor-element elementor-element-61d93c8 elementor-widget elementor-widget-heading\" data-id=\"61d93c8\" data-element_type=\"widget\" data-e-type=\"widget\" data-widget_type=\"heading.default\">\n\t\t\t\t<div class=\"elementor-widget-container\">\n\t\t\t\t\t<h3 class=\"elementor-heading-title elementor-size-default\">Pack : S\u00e9ance + Manuel personnalis\u00e9 de Design Humain<\/h3>\t\t\t\t<\/div>\n\t\t\t\t<\/div>\n\t\t\t\t<div class=\"elementor-element elementor-element-d941149 elementor-widget elementor-widget-text-editor\" data-id=\"d941149\" data-element_type=\"widget\" data-e-type=\"widget\" data-widget_type=\"text-editor.default\">\n\t\t\t\t<div class=\"elementor-widget-container\">\n\t\t\t\t\t\t\t\t\t<p>Je vous propose de combiner la s\u00e9ance d&rsquo;accompagnement avec la r\u00e9alisation de votre manuel personnalis\u00e9. Celui-ci sera pr\u00e9par\u00e9 avant la s\u00e9ance et servira de support visuel le jour J. Ainsi vous appr\u00e9henderez plus facilement la lecture du manuel lorsque vous l&rsquo;aurez en main, car nous aurons vu sa structure et parcouru les fondamentaux ensemble. Lors de la s\u00e9ance vous aurez tout le temps d&rsquo;aborder les probl\u00e9matiques de votre choix.<\/p>\t\t\t\t\t\t\t\t<\/div>\n\t\t\t\t<\/div>\n\t\t\t\t<div class=\"elementor-element elementor-element-fb577a8 elementor-align-center elementor-widget elementor-widget-button\" data-id=\"fb577a8\" data-element_type=\"widget\" data-e-type=\"widget\" data-widget_type=\"button.default\">\n\t\t\t\t<div class=\"elementor-widget-container\">\n\t\t\t\t\t\t\t\t\t<div class=\"elementor-button-wrapper\">\n\t\t\t\t\t<a class=\"elementor-button elementor-button-link elementor-size-md\" href=\"https:\/\/chrysalid2-0.fr\/psycho-energie\/services\/seance-de-design-humain\/\">\n\t\t\t\t\t\t<span class=\"elementor-button-content-wrapper\">\n\t\t\t\t\t\t\t\t\t<span class=\"elementor-button-text\">En savoir + \/  Prendre RDV<\/span>\n\t\t\t\t\t<\/span>\n\t\t\t\t\t<\/a>\n\t\t\t\t<\/div>\n\t\t\t\t\t\t\t\t<\/div>\n\t\t\t\t<\/div>\n\t\t\t\t\t<\/div>\n\t\t<\/div>\n\t\t\t\t\t<\/div>\n\t\t<\/section>\n\t\t\t\t<div class=\"elementor-element elementor-element-df63940 elementor-widget elementor-widget-image\" data-id=\"df63940\" data-element_type=\"widget\" data-e-type=\"widget\" data-widget_type=\"image.default\">\n\t\t\t\t<div class=\"elementor-widget-container\">\n\t\t\t\t\t\t\t\t\t\t\t\t\t\t\t<img fetchpriority=\"high\" decoding=\"async\" width=\"1024\" height=\"597\" src=\"https:\/\/chrysalid2-0.fr\/psycho-energie\/wp-content\/uploads\/sites\/4\/2025\/12\/pack-dh-1024x597.jpg\" class=\"attachment-large size-large wp-image-12925\" alt=\"\" srcset=\"https:\/\/chrysalid2-0.fr\/psycho-energie\/wp-content\/uploads\/sites\/4\/2025\/12\/pack-dh-1024x597.jpg 1024w, https:\/\/chrysalid2-0.fr\/psycho-energie\/wp-content\/uploads\/sites\/4\/2025\/12\/pack-dh-300x175.jpg 300w, https:\/\/chrysalid2-0.fr\/psycho-energie\/wp-content\/uploads\/sites\/4\/2025\/12\/pack-dh-768x448.jpg 768w, https:\/\/chrysalid2-0.fr\/psycho-energie\/wp-content\/uploads\/sites\/4\/2025\/12\/pack-dh.jpg 1200w\" sizes=\"(max-width: 1024px) 100vw, 1024px\" \/>\t\t\t\t\t\t\t\t\t\t\t\t\t\t\t<\/div>\n\t\t\t\t<\/div>\n\t\t\t\t\t<\/div>\n\t\t<\/div>\n\t\t\t\t\t<\/div>\n\t\t<\/section>\n\t\t\t\t<section class=\"elementor-section elementor-top-section elementor-element elementor-element-3239461 elementor-section-full_width elementor-section-content-top elementor-section-items-top elementor-section-height-min-height elementor-section-height-default wpr-particle-no wpr-jarallax-no wpr-parallax-no wpr-sticky-section-no wpr-equal-height-no\" data-id=\"3239461\" data-element_type=\"section\" data-e-type=\"section\" data-settings=\"{&quot;background_background&quot;:&quot;classic&quot;,&quot;animation_mobile&quot;:&quot;none&quot;}\">\n\t\t\t\t\t\t\t<div class=\"elementor-background-overlay\"><\/div>\n\t\t\t\t\t\t\t<div class=\"elementor-container elementor-column-gap-default\">\n\t\t\t\t\t<div class=\"elementor-column elementor-col-100 elementor-top-column elementor-element elementor-element-50a8c9f\" data-id=\"50a8c9f\" data-element_type=\"column\" data-e-type=\"column\">\n\t\t\t<div class=\"elementor-widget-wrap\">\n\t\t\t\t\t\t\t<\/div>\n\t\t<\/div>\n\t\t\t\t\t<\/div>\n\t\t<\/section>\n\t\t\t\t<\/div>\n\t\t","protected":false},"excerpt":{"rendered":"<p>Composite Transit &amp; Charte personnelle en Design Humain Comprendre l\u2019impact du transit sur votre charte personnelle Le transit en Design Humain agit comme une \u00e9nergie collective, la m\u00eame pour tous \u2026 mais son impact est unique pour chaque personne. En cr\u00e9ant un composite entre votre charte personnelle et le transit plan\u00e9taire \u00e0 une date donn\u00e9e, vous pouvez observer comment cette \u00e9nergie vient activer, amplifier ou challenger certains aspects pr\u00e9cis de votre sch\u00e9ma. Ce composite permet de passer d\u2019une lecture globale du transit \u00e0 une compr\u00e9hension fine, personnalis\u00e9e et concr\u00e8te de ce que vous vivez. D\u00e9couvrir comment votre charte personnelle de Design Humain est impact\u00e9e par le Transit plan\u00e9taire Cet outil vous permet de calculer gratuitement un composite entre : votre charte personnelle de Design Humain le transit plan\u00e9taire \u00e0 la date et l\u2019heure de votre choix Vous pourrez ainsi explorer : quelles portes, quels canaux et quels centres sont activ\u00e9s temporairement quelles dynamiques \u00e9nerg\u00e9tiques \u00e9mergent comment le climat collectif du moment interagit avec votre fonctionnement naturel Prenez ce composite comme une cl\u00e9 de lecture, une m\u00e9t\u00e9o \u00e9nerg\u00e9tique personnalis\u00e9e, au service de plus de conscience et d\u2019alignement dans votre quotidien. Pour aller plus loin avec le Design Humain &#8230; S\u00e9ance d&rsquo;accompagnement de Design Humain Je vous propose des s\u00e9ances d&rsquo;accompagnement afin de r\u00e9pondre \u00e0 vos probl\u00e9matiques au regard du Design Humain : en compl\u00e9ment de votre Manuel personnalis\u00e9, pour r\u00e9soudre une probl\u00e9matique concernant vos relations, votre entreprise, votre communication\u00a0 \u00a0&#8230; En savoir + \/ Prendre RDV Votre Manuel personnalis\u00e9 de Design Humain Je r\u00e9alise des Manuels personnalis\u00e9s de 48 \u00e0 60 pages que je vous envoie par mail au format pdf.\u00a0 Vous y trouverez les fondamentaux du Design Humain, votre sch\u00e9ma corporel ainsi qu&rsquo;une analyse d\u00e9taill\u00e9e de celui-ci. En savoir + \/ Commander Pack : S\u00e9ance + Manuel personnalis\u00e9 de Design Humain Je vous propose de combiner la s\u00e9ance d&rsquo;accompagnement avec la r\u00e9alisation de votre manuel personnalis\u00e9. Celui-ci sera pr\u00e9par\u00e9 avant la s\u00e9ance et servira de support visuel le jour J. Ainsi vous appr\u00e9henderez plus facilement la lecture du manuel lorsque vous l&rsquo;aurez en main, car nous aurons vu sa structure et parcouru les fondamentaux ensemble. Lors de la s\u00e9ance vous aurez tout le temps d&rsquo;aborder les probl\u00e9matiques de votre choix. En savoir + \/ Prendre RDV<\/p>\n","protected":false},"author":1,"featured_media":13355,"parent":6239,"menu_order":5,"comment_status":"closed","ping_status":"closed","template":"","meta":{"site-sidebar-layout":"no-sidebar","site-content-layout":"page-builder","ast-site-content-layout":"full-width-container","site-content-style":"unboxed","site-sidebar-style":"unboxed","ast-global-header-display":"","ast-banner-title-visibility":"","ast-main-header-display":"","ast-hfb-above-header-display":"","ast-hfb-below-header-display":"","ast-hfb-mobile-header-display":"","site-post-title":"disabled","ast-breadcrumbs-content":"","ast-featured-img":"disabled","footer-sml-layout":"","ast-disable-related-posts":"","theme-transparent-header-meta":"","adv-header-id-meta":"","stick-header-meta":"","header-above-stick-meta":"","header-main-stick-meta":"","header-below-stick-meta":"","astra-migrate-meta-layouts":"set","ast-page-background-enabled":"default","ast-page-background-meta":{"desktop":{"background-color":"var(--ast-global-color-4)","background-image":"","background-repeat":"repeat","background-position":"center center","background-size":"auto","background-attachment":"scroll","background-type":"","background-media":"","overlay-type":"","overlay-color":"","overlay-opacity":"","overlay-gradient":""},"tablet":{"background-color":"","background-image":"","background-repeat":"repeat","background-position":"center center","background-size":"auto","background-attachment":"scroll","background-type":"","background-media":"","overlay-type":"","overlay-color":"","overlay-opacity":"","overlay-gradient":""},"mobile":{"background-color":"","background-image":"","background-repeat":"repeat","background-position":"center center","background-size":"auto","background-attachment":"scroll","background-type":"","background-media":"","overlay-type":"","overlay-color":"","overlay-opacity":"","overlay-gradient":""}},"ast-content-background-meta":{"desktop":{"background-color":"var(--ast-global-color-5)","background-image":"","background-repeat":"repeat","background-position":"center center","background-size":"auto","background-attachment":"scroll","background-type":"","background-media":"","overlay-type":"","overlay-color":"","overlay-opacity":"","overlay-gradient":""},"tablet":{"background-color":"var(--ast-global-color-5)","background-image":"","background-repeat":"repeat","background-position":"center center","background-size":"auto","background-attachment":"scroll","background-type":"","background-media":"","overlay-type":"","overlay-color":"","overlay-opacity":"","overlay-gradient":""},"mobile":{"background-color":"var(--ast-global-color-5)","background-image":"","background-repeat":"repeat","background-position":"center center","background-size":"auto","background-attachment":"scroll","background-type":"","background-media":"","overlay-type":"","overlay-color":"","overlay-opacity":"","overlay-gradient":""}},"footnotes":""},"class_list":["post-13266","page","type-page","status-publish","has-post-thumbnail","hentry"],"yoast_head":"<!-- This site is optimized with the Yoast SEO plugin v27.4 - https:\/\/yoast.com\/product\/yoast-seo-wordpress\/ -->\n<title>Composite Transit &amp; Charte personnelle de Design Humain<\/title>\n<meta name=\"description\" content=\"Comprendre l&#039;impact du Transit et g\u00e9n\u00e9rer gratuitement un composite de sa charte de Design Humain avec le Transit \u00e0 une date et heure choisies\" \/>\n<meta name=\"robots\" content=\"index, follow, max-snippet:-1, max-image-preview:large, max-video-preview:-1\" \/>\n<link rel=\"canonical\" href=\"https:\/\/chrysalid2-0.fr\/psycho-energie\/design-humain\/composite-transit-et-charte-personnelle\/\" \/>\n<meta property=\"og:locale\" content=\"fr_FR\" \/>\n<meta property=\"og:type\" content=\"article\" \/>\n<meta property=\"og:title\" content=\"Composite Transit &amp; Charte personnelle de Design Humain - Chrysalid 2.0\" \/>\n<meta property=\"og:description\" content=\"Comprendre l&#039;impact du Transit et g\u00e9n\u00e9rer gratuitement un composite de sa charte de Design Humain avec le Transit \u00e0 une date et heure choisies\" \/>\n<meta property=\"og:url\" content=\"https:\/\/chrysalid2-0.fr\/psycho-energie\/design-humain\/composite-transit-et-charte-personnelle\/\" \/>\n<meta property=\"og:site_name\" content=\"Chrysalid 2.0 - Psycho-\u00e9nergie &amp; Design Humain\" \/>\n<meta property=\"article:publisher\" content=\"https:\/\/www.facebook.com\/chrysalid2.0\" \/>\n<meta property=\"article:modified_time\" content=\"2026-01-11T00:29:24+00:00\" \/>\n<meta property=\"og:image\" content=\"https:\/\/chrysalid2-0.fr\/psycho-energie\/wp-content\/uploads\/sites\/4\/2026\/01\/chrysalid2-0-dh-composite-transit-charte-perso-opengraph.jpg\" \/>\n\t<meta property=\"og:image:width\" content=\"1200\" \/>\n\t<meta property=\"og:image:height\" content=\"630\" \/>\n\t<meta property=\"og:image:type\" content=\"image\/jpeg\" \/>\n<meta name=\"twitter:card\" content=\"summary_large_image\" \/>\n<meta name=\"twitter:label1\" content=\"Dur\u00e9e de lecture estim\u00e9e\" \/>\n\t<meta name=\"twitter:data1\" content=\"3 minutes\" \/>\n<script type=\"application\/ld+json\" class=\"yoast-schema-graph\">{\"@context\":\"https:\\\/\\\/schema.org\",\"@graph\":[{\"@type\":\"WebPage\",\"@id\":\"https:\\\/\\\/chrysalid2-0.fr\\\/psycho-energie\\\/design-humain\\\/composite-transit-et-charte-personnelle\\\/\",\"url\":\"https:\\\/\\\/chrysalid2-0.fr\\\/psycho-energie\\\/design-humain\\\/composite-transit-et-charte-personnelle\\\/\",\"name\":\"Composite Transit & Charte personnelle de Design Humain\",\"isPartOf\":{\"@id\":\"https:\\\/\\\/chrysalid2-0.fr\\\/psycho-energie\\\/#website\"},\"primaryImageOfPage\":{\"@id\":\"https:\\\/\\\/chrysalid2-0.fr\\\/psycho-energie\\\/design-humain\\\/composite-transit-et-charte-personnelle\\\/#primaryimage\"},\"image\":{\"@id\":\"https:\\\/\\\/chrysalid2-0.fr\\\/psycho-energie\\\/design-humain\\\/composite-transit-et-charte-personnelle\\\/#primaryimage\"},\"thumbnailUrl\":\"https:\\\/\\\/chrysalid2-0.fr\\\/psycho-energie\\\/wp-content\\\/uploads\\\/sites\\\/4\\\/2026\\\/01\\\/chrysalid2-0-dh-composite-transit-charte-perso-opengraph.jpg\",\"datePublished\":\"2026-01-06T10:39:46+00:00\",\"dateModified\":\"2026-01-11T00:29:24+00:00\",\"description\":\"Comprendre l'impact du Transit et g\u00e9n\u00e9rer gratuitement un composite de sa charte de Design Humain avec le Transit \u00e0 une date et heure choisies\",\"breadcrumb\":{\"@id\":\"https:\\\/\\\/chrysalid2-0.fr\\\/psycho-energie\\\/design-humain\\\/composite-transit-et-charte-personnelle\\\/#breadcrumb\"},\"inLanguage\":\"fr-FR\",\"potentialAction\":[{\"@type\":\"ReadAction\",\"target\":[\"https:\\\/\\\/chrysalid2-0.fr\\\/psycho-energie\\\/design-humain\\\/composite-transit-et-charte-personnelle\\\/\"]}]},{\"@type\":\"ImageObject\",\"inLanguage\":\"fr-FR\",\"@id\":\"https:\\\/\\\/chrysalid2-0.fr\\\/psycho-energie\\\/design-humain\\\/composite-transit-et-charte-personnelle\\\/#primaryimage\",\"url\":\"https:\\\/\\\/chrysalid2-0.fr\\\/psycho-energie\\\/wp-content\\\/uploads\\\/sites\\\/4\\\/2026\\\/01\\\/chrysalid2-0-dh-composite-transit-charte-perso-opengraph.jpg\",\"contentUrl\":\"https:\\\/\\\/chrysalid2-0.fr\\\/psycho-energie\\\/wp-content\\\/uploads\\\/sites\\\/4\\\/2026\\\/01\\\/chrysalid2-0-dh-composite-transit-charte-perso-opengraph.jpg\",\"width\":1200,\"height\":630,\"caption\":\"Composite Transit + charte personnelle de Design Humain\"},{\"@type\":\"BreadcrumbList\",\"@id\":\"https:\\\/\\\/chrysalid2-0.fr\\\/psycho-energie\\\/design-humain\\\/composite-transit-et-charte-personnelle\\\/#breadcrumb\",\"itemListElement\":[{\"@type\":\"ListItem\",\"position\":1,\"name\":\"Accueil\",\"item\":\"https:\\\/\\\/chrysalid2-0.fr\\\/psycho-energie\\\/\"},{\"@type\":\"ListItem\",\"position\":2,\"name\":\"Design Humain\",\"item\":\"https:\\\/\\\/chrysalid2-0.fr\\\/psycho-energie\\\/design-humain\\\/\"},{\"@type\":\"ListItem\",\"position\":3,\"name\":\"Composite Transit &#038; Charte personnelle\"}]},{\"@type\":\"WebSite\",\"@id\":\"https:\\\/\\\/chrysalid2-0.fr\\\/psycho-energie\\\/#website\",\"url\":\"https:\\\/\\\/chrysalid2-0.fr\\\/psycho-energie\\\/\",\"name\":\"Chrysalid 2.0 - Psycho-\u00e9nergie & Design Humain\",\"description\":\"Osez le chemin de l&#039;authenticit\u00e9 !\",\"publisher\":{\"@id\":\"https:\\\/\\\/chrysalid2-0.fr\\\/psycho-energie\\\/#organization\"},\"alternateName\":\"Chrysalid 2.0\",\"potentialAction\":[{\"@type\":\"SearchAction\",\"target\":{\"@type\":\"EntryPoint\",\"urlTemplate\":\"https:\\\/\\\/chrysalid2-0.fr\\\/psycho-energie\\\/?s={search_term_string}\"},\"query-input\":{\"@type\":\"PropertyValueSpecification\",\"valueRequired\":true,\"valueName\":\"search_term_string\"}}],\"inLanguage\":\"fr-FR\"},{\"@type\":\"Organization\",\"@id\":\"https:\\\/\\\/chrysalid2-0.fr\\\/psycho-energie\\\/#organization\",\"name\":\"Chrysalid 2.0 - Psycho-\u00e9nergie & Design Humain\",\"alternateName\":\"Chrysalid 2.0\",\"url\":\"https:\\\/\\\/chrysalid2-0.fr\\\/psycho-energie\\\/\",\"logo\":{\"@type\":\"ImageObject\",\"inLanguage\":\"fr-FR\",\"@id\":\"https:\\\/\\\/chrysalid2-0.fr\\\/psycho-energie\\\/#\\\/schema\\\/logo\\\/image\\\/\",\"url\":\"https:\\\/\\\/chrysalid2-0.fr\\\/psycho-energie\\\/wp-content\\\/uploads\\\/sites\\\/4\\\/2022\\\/10\\\/logo-chrysalid-2-0-350x350-1.jpg\",\"contentUrl\":\"https:\\\/\\\/chrysalid2-0.fr\\\/psycho-energie\\\/wp-content\\\/uploads\\\/sites\\\/4\\\/2022\\\/10\\\/logo-chrysalid-2-0-350x350-1.jpg\",\"width\":350,\"height\":350,\"caption\":\"Chrysalid 2.0 - Psycho-\u00e9nergie & Design Humain\"},\"image\":{\"@id\":\"https:\\\/\\\/chrysalid2-0.fr\\\/psycho-energie\\\/#\\\/schema\\\/logo\\\/image\\\/\"},\"sameAs\":[\"https:\\\/\\\/www.facebook.com\\\/chrysalid2.0\",\"https:\\\/\\\/www.instagram.com\\\/chrysalid2.0\\\/\",\"https:\\\/\\\/www.linkedin.com\\\/in\\\/sara-berbel-a488a2218\\\/\"]}]}<\/script>\n<!-- \/ Yoast SEO plugin. -->","yoast_head_json":{"title":"Composite Transit & Charte personnelle de Design Humain","description":"Comprendre l'impact du Transit et g\u00e9n\u00e9rer gratuitement un composite de sa charte de Design Humain avec le Transit \u00e0 une date et heure choisies","robots":{"index":"index","follow":"follow","max-snippet":"max-snippet:-1","max-image-preview":"max-image-preview:large","max-video-preview":"max-video-preview:-1"},"canonical":"https:\/\/chrysalid2-0.fr\/psycho-energie\/design-humain\/composite-transit-et-charte-personnelle\/","og_locale":"fr_FR","og_type":"article","og_title":"Composite Transit & Charte personnelle de Design Humain - Chrysalid 2.0","og_description":"Comprendre l'impact du Transit et g\u00e9n\u00e9rer gratuitement un composite de sa charte de Design Humain avec le Transit \u00e0 une date et heure choisies","og_url":"https:\/\/chrysalid2-0.fr\/psycho-energie\/design-humain\/composite-transit-et-charte-personnelle\/","og_site_name":"Chrysalid 2.0 - Psycho-\u00e9nergie &amp; Design Humain","article_publisher":"https:\/\/www.facebook.com\/chrysalid2.0","article_modified_time":"2026-01-11T00:29:24+00:00","og_image":[{"width":1200,"height":630,"url":"https:\/\/chrysalid2-0.fr\/psycho-energie\/wp-content\/uploads\/sites\/4\/2026\/01\/chrysalid2-0-dh-composite-transit-charte-perso-opengraph.jpg","type":"image\/jpeg"}],"twitter_card":"summary_large_image","twitter_misc":{"Dur\u00e9e de lecture estim\u00e9e":"3 minutes"},"schema":{"@context":"https:\/\/schema.org","@graph":[{"@type":"WebPage","@id":"https:\/\/chrysalid2-0.fr\/psycho-energie\/design-humain\/composite-transit-et-charte-personnelle\/","url":"https:\/\/chrysalid2-0.fr\/psycho-energie\/design-humain\/composite-transit-et-charte-personnelle\/","name":"Composite Transit & Charte personnelle de Design Humain","isPartOf":{"@id":"https:\/\/chrysalid2-0.fr\/psycho-energie\/#website"},"primaryImageOfPage":{"@id":"https:\/\/chrysalid2-0.fr\/psycho-energie\/design-humain\/composite-transit-et-charte-personnelle\/#primaryimage"},"image":{"@id":"https:\/\/chrysalid2-0.fr\/psycho-energie\/design-humain\/composite-transit-et-charte-personnelle\/#primaryimage"},"thumbnailUrl":"https:\/\/chrysalid2-0.fr\/psycho-energie\/wp-content\/uploads\/sites\/4\/2026\/01\/chrysalid2-0-dh-composite-transit-charte-perso-opengraph.jpg","datePublished":"2026-01-06T10:39:46+00:00","dateModified":"2026-01-11T00:29:24+00:00","description":"Comprendre l'impact du Transit et g\u00e9n\u00e9rer gratuitement un composite de sa charte de Design Humain avec le Transit \u00e0 une date et heure choisies","breadcrumb":{"@id":"https:\/\/chrysalid2-0.fr\/psycho-energie\/design-humain\/composite-transit-et-charte-personnelle\/#breadcrumb"},"inLanguage":"fr-FR","potentialAction":[{"@type":"ReadAction","target":["https:\/\/chrysalid2-0.fr\/psycho-energie\/design-humain\/composite-transit-et-charte-personnelle\/"]}]},{"@type":"ImageObject","inLanguage":"fr-FR","@id":"https:\/\/chrysalid2-0.fr\/psycho-energie\/design-humain\/composite-transit-et-charte-personnelle\/#primaryimage","url":"https:\/\/chrysalid2-0.fr\/psycho-energie\/wp-content\/uploads\/sites\/4\/2026\/01\/chrysalid2-0-dh-composite-transit-charte-perso-opengraph.jpg","contentUrl":"https:\/\/chrysalid2-0.fr\/psycho-energie\/wp-content\/uploads\/sites\/4\/2026\/01\/chrysalid2-0-dh-composite-transit-charte-perso-opengraph.jpg","width":1200,"height":630,"caption":"Composite Transit + charte personnelle de Design Humain"},{"@type":"BreadcrumbList","@id":"https:\/\/chrysalid2-0.fr\/psycho-energie\/design-humain\/composite-transit-et-charte-personnelle\/#breadcrumb","itemListElement":[{"@type":"ListItem","position":1,"name":"Accueil","item":"https:\/\/chrysalid2-0.fr\/psycho-energie\/"},{"@type":"ListItem","position":2,"name":"Design Humain","item":"https:\/\/chrysalid2-0.fr\/psycho-energie\/design-humain\/"},{"@type":"ListItem","position":3,"name":"Composite Transit &#038; Charte personnelle"}]},{"@type":"WebSite","@id":"https:\/\/chrysalid2-0.fr\/psycho-energie\/#website","url":"https:\/\/chrysalid2-0.fr\/psycho-energie\/","name":"Chrysalid 2.0 - Psycho-\u00e9nergie & Design Humain","description":"Osez le chemin de l&#039;authenticit\u00e9 !","publisher":{"@id":"https:\/\/chrysalid2-0.fr\/psycho-energie\/#organization"},"alternateName":"Chrysalid 2.0","potentialAction":[{"@type":"SearchAction","target":{"@type":"EntryPoint","urlTemplate":"https:\/\/chrysalid2-0.fr\/psycho-energie\/?s={search_term_string}"},"query-input":{"@type":"PropertyValueSpecification","valueRequired":true,"valueName":"search_term_string"}}],"inLanguage":"fr-FR"},{"@type":"Organization","@id":"https:\/\/chrysalid2-0.fr\/psycho-energie\/#organization","name":"Chrysalid 2.0 - Psycho-\u00e9nergie & Design Humain","alternateName":"Chrysalid 2.0","url":"https:\/\/chrysalid2-0.fr\/psycho-energie\/","logo":{"@type":"ImageObject","inLanguage":"fr-FR","@id":"https:\/\/chrysalid2-0.fr\/psycho-energie\/#\/schema\/logo\/image\/","url":"https:\/\/chrysalid2-0.fr\/psycho-energie\/wp-content\/uploads\/sites\/4\/2022\/10\/logo-chrysalid-2-0-350x350-1.jpg","contentUrl":"https:\/\/chrysalid2-0.fr\/psycho-energie\/wp-content\/uploads\/sites\/4\/2022\/10\/logo-chrysalid-2-0-350x350-1.jpg","width":350,"height":350,"caption":"Chrysalid 2.0 - Psycho-\u00e9nergie & Design Humain"},"image":{"@id":"https:\/\/chrysalid2-0.fr\/psycho-energie\/#\/schema\/logo\/image\/"},"sameAs":["https:\/\/www.facebook.com\/chrysalid2.0","https:\/\/www.instagram.com\/chrysalid2.0\/","https:\/\/www.linkedin.com\/in\/sara-berbel-a488a2218\/"]}]}},"_links":{"self":[{"href":"https:\/\/chrysalid2-0.fr\/psycho-energie\/wp-json\/wp\/v2\/pages\/13266","targetHints":{"allow":["GET"]}}],"collection":[{"href":"https:\/\/chrysalid2-0.fr\/psycho-energie\/wp-json\/wp\/v2\/pages"}],"about":[{"href":"https:\/\/chrysalid2-0.fr\/psycho-energie\/wp-json\/wp\/v2\/types\/page"}],"author":[{"embeddable":true,"href":"https:\/\/chrysalid2-0.fr\/psycho-energie\/wp-json\/wp\/v2\/users\/1"}],"replies":[{"embeddable":true,"href":"https:\/\/chrysalid2-0.fr\/psycho-energie\/wp-json\/wp\/v2\/comments?post=13266"}],"version-history":[{"count":43,"href":"https:\/\/chrysalid2-0.fr\/psycho-energie\/wp-json\/wp\/v2\/pages\/13266\/revisions"}],"predecessor-version":[{"id":13406,"href":"https:\/\/chrysalid2-0.fr\/psycho-energie\/wp-json\/wp\/v2\/pages\/13266\/revisions\/13406"}],"up":[{"embeddable":true,"href":"https:\/\/chrysalid2-0.fr\/psycho-energie\/wp-json\/wp\/v2\/pages\/6239"}],"wp:featuredmedia":[{"embeddable":true,"href":"https:\/\/chrysalid2-0.fr\/psycho-energie\/wp-json\/wp\/v2\/media\/13355"}],"wp:attachment":[{"href":"https:\/\/chrysalid2-0.fr\/psycho-energie\/wp-json\/wp\/v2\/media?parent=13266"}],"curies":[{"name":"wp","href":"https:\/\/api.w.org\/{rel}","templated":true}]}}